{"id":23491,"date":"2020-10-08T15:56:57","date_gmt":"2020-10-08T13:56:57","guid":{"rendered":"https:\/\/www.schweizerweltatlas.ch\/?page_id=23491"},"modified":"2020-10-22T16:48:34","modified_gmt":"2020-10-22T14:48:34","slug":"vue-du-cadre","status":"publish","type":"page","link":"https:\/\/www.schweizerweltatlas.ch\/fr\/vue-du-cadre\/","title":{"rendered":"Vue du cadre"},"content":{"rendered":"<div class=\"wpb-content-wrapper\"><p>[vc_row][vc_column][vc_empty_space height=\u00a0\u00bb20px\u00a0\u00bb][vc_tta_accordion style=\u00a0\u00bbmodern\u00a0\u00bb shape=\u00a0\u00bbsquare\u00a0\u00bb color=\u00a0\u00bbwhite\u00a0\u00bb c_icon=\u00a0\u00bbtriangle\u00a0\u00bb active_section=\u00a0\u00bb1&Prime; collapsible_all=\u00a0\u00bbtrue\u00a0\u00bb el_class=\u00a0\u00bbsearch_hidden\u00a0\u00bb][vc_tta_section tab_id=\u00a0\u00bb1517924243534-c11e6f12-1c56&Prime; title=\u00a0\u00bbRecherche\u00a0\u00bb][vc_column_text]<\/p>\n<div class=\"job_filters\">\n<div class=\"search_jobs\">\n<table style=\"width: 100%; border: none;\">\n<tbody>\n<tr>\n<th style=\"width: 100%;\"><div class=\"facetwp-facet facetwp-facet-suche facetwp-type-search\" data-name=\"suche\" data-type=\"search\"><\/div><\/th>\n<th style=\"text-align: right; vertical-align: middle;\">\n<h6><a href=\"https:\/\/www.schweizerweltatlas.ch\/fr\/vue-du-cadre\/\">R\u00c9INITIALISER<\/a><\/h6>\n<\/th>\n<\/tr>\n<\/tbody>\n<\/table>\n<\/div>\n<\/div>\n<p>[\/vc_column_text][\/vc_tta_section][vc_tta_section title=\u00a0\u00bbRecherche avanc\u00e9e\u00a0\u00bb tab_id=\u00a0\u00bb1517924243563-77243ee9-f0f9&Prime;][vc_icon icon_fontawesome=\u00a0\u00bbfas fa-question-circle\u00a0\u00bb color=\u00a0\u00bbcustom\u00a0\u00bb size=\u00a0\u00bbxs\u00a0\u00bb align=\u00a0\u00bbright\u00a0\u00bb css_animation=\u00a0\u00bbfadeInDown\u00a0\u00bb custom_color=\u00a0\u00bb#da291c\u00a0\u00bb link=\u00a0\u00bburl:https%3A%2F%2Fwww.schweizerweltatlas.ch%2Ffr%2Faide_recherche%2F|title:Aide\u00a0\u00bb][vc_column_text]<\/p>\n<div class=\"job_filters\">\n<div class=\"search_jobs\"><div class=\"facetwp-facet facetwp-facet-kartentitel facetwp-type-autocomplete\" data-name=\"kartentitel\" data-type=\"autocomplete\"><\/div><div class=\"facetwp-facet facetwp-facet-kartennummer facetwp-type-autocomplete\" data-name=\"kartennummer\" data-type=\"autocomplete\"><\/div><div class=\"facetwp-facet facetwp-facet-regionen facetwp-type-dropdown\" data-name=\"regionen\" data-type=\"dropdown\"><\/div><div class=\"facetwp-facet facetwp-facet-massstab facetwp-type-slider\" data-name=\"massstab\" data-type=\"slider\"><\/div><div class=\"facetwp-facet facetwp-facet-themen facetwp-type-dropdown\" data-name=\"themen\" data-type=\"dropdown\"><\/div><div class=\"facetwp-facet facetwp-facet-geografischer_name facetwp-type-autocomplete\" data-name=\"geografischer_name\" data-type=\"autocomplete\"><\/div><div class=\"facetwp-facet facetwp-facet-stichwort facetwp-type-autocomplete\" data-name=\"stichwort\" data-type=\"autocomplete\"><\/div><div class=\"facetwp-facet facetwp-facet-mapload_fr facetwp-type-radio\" data-name=\"mapload_fr\" data-type=\"radio\"><\/div><div class=\"facetwp-facet facetwp-facet-bewertung facetwp-type-rating\" data-name=\"bewertung\" data-type=\"rating\"><\/div><div class=\"facetwp-facet facetwp-facet-material facetwp-type-checkboxes\" data-name=\"material\" data-type=\"checkboxes\"><\/div><\/div>\n<\/div>\n<p>[\/vc_column_text][\/vc_tta_section][\/vc_tta_accordion][vc_column_text]<div class=\"facetwp-template\" data-name=\"listings\"><div class=\"grid list job_listings\"><div class=\"grid__item\">\n\t<article class=\"card  card--listing\" itemscope itemtype=\"http:\/\/schema.org\/LocalBusiness\"\n\t         data-latitude=\"\"\n\t         data-longitude=\"\"\n\t         data-img=\"https:\/\/www.schweizerweltatlas.ch\/swaweb\/wp-content\/uploads\/010_1_h_fr-450x127.jpg\"\n\t         data-permalink=\"https:\/\/www.schweizerweltatlas.ch\/fr\/listings\/0010\/\"\n\t         data-categories=\"Mat\u00e9riels suppl\u00e9mentaires, Lien externe\"\n\t\t data-icon=\"\" >\n\t\t<a href=\"https:\/\/www.schweizerweltatlas.ch\/fr\/listings\/0010\/\">\n\t\t\t<aside class=\"card__image\"\n\t\t\t       style=\"background-image: url(https:\/\/www.schweizerweltatlas.ch\/swaweb\/wp-content\/uploads\/010_1_h_fr-450x127.jpg);\">\n\t\t\t\t\n\t\t\t\t\n\t\t\t\t\n\t\t\t<\/aside><!-- .card__image -->\n\t\t\t<div class=\"card__content\">\n<!-- GIESSFORM ACF Region anzeigen -->\n<p class=\"card_regionen\"><a href=\"?fwp_regionen=geoinformation-taxfr\">G\u00e9oinformation<\/a><br><a href=\"?fwp_regionen=introduction-taxfr\">Introduction<\/a><br><\/p>\n<!-- Ende GIESSFORM ACF Themen anzeigen -->\n<!-- GIESSFORM ACF Kartennummer anzeigen -->\n                \t\t\t\t<p class=\"card_kartennummer\"><\/p>\n<!-- Ende GIESSFORM ACF Kartennummer anzeigen -->\n\t\t\t\t<a href=\"https:\/\/www.schweizerweltatlas.ch\/fr\/listings\/0010\/\"><h2 class=\"card__title\" itemprop=\"name\">G\u00e9oinformation<\/h2><\/a>\n\t\t\t\t<!-- <div class=\"card__tagline\" itemprop=\"description\"><\/div> -->\n<!-- GIESSFORM ACF Themen anzeigen -->\n<p class=\"card_themen\"><a href=\"?fwp_themen=bases-cartographiques-et-methodes-taxfr\">Bases cartographiques et M\u00e9thodes<\/a><\/p>\n<!-- Ende GIESSFORM ACF Themen anzeigen -->\n\t\t\t\t\n<!-- GIESSFORM ACF Karteninfos anzeigen -->\n\t\t\t\t<p class=\"card_infos\"><\/p>\n<!-- Ende GIESSFORM ACF Karteninfos anzeigen -->\n<!-- GIESSFORM Download Monitor Shortcode display with ACF -->\n <!-- -->\n<!-- Ende GIESSFORM Download Monitor Shortcode display with ACF -->\n\t\t\t\t<footer class=\"card__footer\">\n\t\t\t\t\t\t\t\t\t\t\t<ul class=\"card__tags\">\n\t\t\t\t\t\t\t\t\t\t\t\t\t<\/ul><!-- .card__tags -->\n\t\t\t\t\t\t\t\t\t<\/footer>\n\t\t\t<\/div><!-- .card__content -->\n\t\t<\/a>\n\t<\/article><!-- .card.card-listing -->\n<\/div><!-- .grid__item -->\n\n<div class=\"grid__item\">\n\t<article class=\"card  card--listing  is--featured\" itemscope itemtype=\"http:\/\/schema.org\/LocalBusiness\"\n\t         data-latitude=\"\"\n\t         data-longitude=\"\"\n\t         data-img=\"https:\/\/www.schweizerweltatlas.ch\/swaweb\/wp-content\/uploads\/012_1_h_fr-450x127.jpg\"\n\t         data-permalink=\"https:\/\/www.schweizerweltatlas.ch\/fr\/listings\/0012\/\"\n\t         data-categories=\"Mat\u00e9riels suppl\u00e9mentaires, Outil interactif, Lien externe\"\n\t\t data-icon=\"\" >\n\t\t<a href=\"https:\/\/www.schweizerweltatlas.ch\/fr\/listings\/0012\/\">\n\t\t\t<aside class=\"card__image\"\n\t\t\t       style=\"background-image: url(https:\/\/www.schweizerweltatlas.ch\/swaweb\/wp-content\/uploads\/012_1_h_fr-450x127.jpg);\">\n\t\t\t\t\t\t\t\t\t<span class=\"card__featured-tag\">Outil interactif<\/span>\n\t\t\t\t\n\t\t\t\t\n\t\t\t\t\n\t\t\t<\/aside><!-- .card__image -->\n\t\t\t<div class=\"card__content\">\n<!-- GIESSFORM ACF Region anzeigen -->\n<p class=\"card_regionen\"><a href=\"?fwp_regionen=introduction-taxfr\">Introduction<\/a><br><a href=\"?fwp_regionen=projections-cartographiques-taxfr\">Projections cartographiques<\/a><br><\/p>\n<!-- Ende GIESSFORM ACF Themen anzeigen -->\n<!-- GIESSFORM ACF Kartennummer anzeigen -->\n                \t\t\t\t<p class=\"card_kartennummer\"><\/p>\n<!-- Ende GIESSFORM ACF Kartennummer anzeigen -->\n\t\t\t\t<a href=\"https:\/\/www.schweizerweltatlas.ch\/fr\/listings\/0012\/\"><h2 class=\"card__title\" itemprop=\"name\">Projections cartographiques<\/h2><\/a>\n\t\t\t\t<!-- <div class=\"card__tagline\" itemprop=\"description\"><\/div> -->\n<!-- GIESSFORM ACF Themen anzeigen -->\n<p class=\"card_themen\"><a href=\"?fwp_themen=bases-cartographiques-et-methodes-taxfr\">Bases cartographiques et M\u00e9thodes<\/a><\/p>\n<!-- Ende GIESSFORM ACF Themen anzeigen -->\n\t\t\t\t\n<!-- GIESSFORM ACF Karteninfos anzeigen -->\n\t\t\t\t<p class=\"card_infos\"><\/p>\n<!-- Ende GIESSFORM ACF Karteninfos anzeigen -->\n<!-- GIESSFORM Download Monitor Shortcode display with ACF -->\n <!-- -->\n<!-- Ende GIESSFORM Download Monitor Shortcode display with ACF -->\n\t\t\t\t<footer class=\"card__footer\">\n\t\t\t\t\t\t\t\t\t\t\t<ul class=\"card__tags\">\n\t\t\t\t\t\t\t\t\t\t\t\t\t<\/ul><!-- .card__tags -->\n\t\t\t\t\t\t\t\t\t<\/footer>\n\t\t\t<\/div><!-- .card__content -->\n\t\t<\/a>\n\t<\/article><!-- .card.card-listing -->\n<\/div><!-- .grid__item -->\n\n<div class=\"grid__item\">\n\t<article class=\"card  card--listing\" itemscope itemtype=\"http:\/\/schema.org\/LocalBusiness\"\n\t         data-latitude=\"\"\n\t         data-longitude=\"\"\n\t         data-img=\"https:\/\/www.schweizerweltatlas.ch\/swaweb\/wp-content\/uploads\/014_1_h_fr-450x127.jpg\"\n\t         data-permalink=\"https:\/\/www.schweizerweltatlas.ch\/fr\/listings\/0014\/\"\n\t         data-categories=\"Mat\u00e9riels suppl\u00e9mentaires, Lien externe\"\n\t\t data-icon=\"\" >\n\t\t<a href=\"https:\/\/www.schweizerweltatlas.ch\/fr\/listings\/0014\/\">\n\t\t\t<aside class=\"card__image\"\n\t\t\t       style=\"background-image: url(https:\/\/www.schweizerweltatlas.ch\/swaweb\/wp-content\/uploads\/014_1_h_fr-450x127.jpg);\">\n\t\t\t\t\n\t\t\t\t\n\t\t\t\t\n\t\t\t<\/aside><!-- .card__image -->\n\t\t\t<div class=\"card__content\">\n<!-- GIESSFORM ACF Region anzeigen -->\n<p class=\"card_regionen\"><a href=\"?fwp_regionen=introduction-taxfr\">Introduction<\/a><br><a href=\"?fwp_regionen=realite-et-carte-taxfr\">R\u00e9alit\u00e9 et carte<\/a><br><\/p>\n<!-- Ende GIESSFORM ACF Themen anzeigen -->\n<!-- GIESSFORM ACF Kartennummer anzeigen -->\n                \t\t\t\t<p class=\"card_kartennummer\"><\/p>\n<!-- Ende GIESSFORM ACF Kartennummer anzeigen -->\n\t\t\t\t<a href=\"https:\/\/www.schweizerweltatlas.ch\/fr\/listings\/0014\/\"><h2 class=\"card__title\" itemprop=\"name\">R\u00e9alit\u00e9 et carte<\/h2><\/a>\n\t\t\t\t<!-- <div class=\"card__tagline\" itemprop=\"description\"><\/div> -->\n<!-- GIESSFORM ACF Themen anzeigen -->\n<p class=\"card_themen\"><a href=\"?fwp_themen=bases-cartographiques-et-methodes-taxfr\">Bases cartographiques et M\u00e9thodes<\/a><\/p>\n<!-- Ende GIESSFORM ACF Themen anzeigen -->\n\t\t\t\t\n<!-- GIESSFORM ACF Karteninfos anzeigen -->\n\t\t\t\t<p class=\"card_infos\"><\/p>\n<!-- Ende GIESSFORM ACF Karteninfos anzeigen -->\n<!-- GIESSFORM Download Monitor Shortcode display with ACF -->\n <!-- -->\n<!-- Ende GIESSFORM Download Monitor Shortcode display with ACF -->\n\t\t\t\t<footer class=\"card__footer\">\n\t\t\t\t\t\t\t\t\t\t\t<ul class=\"card__tags\">\n\t\t\t\t\t\t\t\t\t\t\t\t\t<\/ul><!-- .card__tags -->\n\t\t\t\t\t\t\t\t\t<\/footer>\n\t\t\t<\/div><!-- .card__content -->\n\t\t<\/a>\n\t<\/article><!-- .card.card-listing -->\n<\/div><!-- .grid__item -->\n\n<div class=\"grid__item\">\n\t<article class=\"card  card--listing\" itemscope itemtype=\"http:\/\/schema.org\/LocalBusiness\"\n\t         data-latitude=\"\"\n\t         data-longitude=\"\"\n\t         data-img=\"https:\/\/www.schweizerweltatlas.ch\/swaweb\/wp-content\/uploads\/015_1_h_fr-450x127.jpg\"\n\t         data-permalink=\"https:\/\/www.schweizerweltatlas.ch\/fr\/listings\/0015\/\"\n\t         data-categories=\"\"\n\t\t >\n\t\t<a href=\"https:\/\/www.schweizerweltatlas.ch\/fr\/listings\/0015\/\">\n\t\t\t<aside class=\"card__image\"\n\t\t\t       style=\"background-image: url(https:\/\/www.schweizerweltatlas.ch\/swaweb\/wp-content\/uploads\/015_1_h_fr-450x127.jpg);\">\n\t\t\t\t\n\t\t\t\t\n\t\t\t\t\n\t\t\t<\/aside><!-- .card__image -->\n\t\t\t<div class=\"card__content\">\n<!-- GIESSFORM ACF Region anzeigen -->\n<p class=\"card_regionen\"><a href=\"?fwp_regionen=introduction-taxfr\">Introduction<\/a><br><a href=\"?fwp_regionen=legende-et-organisation-taxfr\">L\u00e9gende et organisation<\/a><br><\/p>\n<!-- Ende GIESSFORM ACF Themen anzeigen -->\n<!-- GIESSFORM ACF Kartennummer anzeigen -->\n                \t\t\t\t<p class=\"card_kartennummer\"><\/p>\n<!-- Ende GIESSFORM ACF Kartennummer anzeigen -->\n\t\t\t\t<a href=\"https:\/\/www.schweizerweltatlas.ch\/fr\/listings\/0015\/\"><h2 class=\"card__title\" itemprop=\"name\">L\u00e9gende et organisation<\/h2><\/a>\n\t\t\t\t<!-- <div class=\"card__tagline\" itemprop=\"description\"><\/div> -->\n<!-- GIESSFORM ACF Themen anzeigen -->\n<p class=\"card_themen\"><a href=\"?fwp_themen=bases-cartographiques-et-methodes-taxfr\">Bases cartographiques et M\u00e9thodes<\/a><\/p>\n<!-- Ende GIESSFORM ACF Themen anzeigen -->\n\t\t\t\t\n<!-- GIESSFORM ACF Karteninfos anzeigen -->\n\t\t\t\t<p class=\"card_infos\"><\/p>\n<!-- Ende GIESSFORM ACF Karteninfos anzeigen -->\n<!-- GIESSFORM Download Monitor Shortcode display with ACF -->\n <!-- -->\n<!-- Ende GIESSFORM Download Monitor Shortcode display with ACF -->\n\t\t\t\t<footer class=\"card__footer\">\n\t\t\t\t\t\t\t\t\t<\/footer>\n\t\t\t<\/div><!-- .card__content -->\n\t\t<\/a>\n\t<\/article><!-- .card.card-listing -->\n<\/div><!-- .grid__item -->\n\n<div class=\"grid__item\">\n\t<article class=\"card  card--listing\" itemscope itemtype=\"http:\/\/schema.org\/LocalBusiness\"\n\t         data-latitude=\"\"\n\t         data-longitude=\"\"\n\t         data-img=\"https:\/\/www.schweizerweltatlas.ch\/swaweb\/wp-content\/uploads\/016_1_h_fr-450x127.jpg\"\n\t         data-permalink=\"https:\/\/www.schweizerweltatlas.ch\/fr\/listings\/0016\/\"\n\t         data-categories=\"Mat\u00e9riels suppl\u00e9mentaires, Lien externe\"\n\t\t data-icon=\"\" >\n\t\t<a href=\"https:\/\/www.schweizerweltatlas.ch\/fr\/listings\/0016\/\">\n\t\t\t<aside class=\"card__image\"\n\t\t\t       style=\"background-image: url(https:\/\/www.schweizerweltatlas.ch\/swaweb\/wp-content\/uploads\/016_1_h_fr-450x127.jpg);\">\n\t\t\t\t\n\t\t\t\t\n\t\t\t\t\n\t\t\t<\/aside><!-- .card__image -->\n\t\t\t<div class=\"card__content\">\n<!-- GIESSFORM ACF Region anzeigen -->\n<p class=\"card_regionen\"><a href=\"?fwp_regionen=echelle-et-generalisation-taxfr\">\u00c9chelle et g\u00e9n\u00e9ralisation<\/a><br><a href=\"?fwp_regionen=introduction-taxfr\">Introduction<\/a><br><\/p>\n<!-- Ende GIESSFORM ACF Themen anzeigen -->\n<!-- GIESSFORM ACF Kartennummer anzeigen -->\n                \t\t\t\t<p class=\"card_kartennummer\"><\/p>\n<!-- Ende GIESSFORM ACF Kartennummer anzeigen -->\n\t\t\t\t<a href=\"https:\/\/www.schweizerweltatlas.ch\/fr\/listings\/0016\/\"><h2 class=\"card__title\" itemprop=\"name\">\u00c9chelle et g\u00e9n\u00e9ralisation<\/h2><\/a>\n\t\t\t\t<!-- <div class=\"card__tagline\" itemprop=\"description\"><\/div> -->\n<!-- GIESSFORM ACF Themen anzeigen -->\n<p class=\"card_themen\"><a href=\"?fwp_themen=bases-cartographiques-et-methodes-taxfr\">Bases cartographiques et M\u00e9thodes<\/a><\/p>\n<!-- Ende GIESSFORM ACF Themen anzeigen -->\n\t\t\t\t\n<!-- GIESSFORM ACF Karteninfos anzeigen -->\n\t\t\t\t<p class=\"card_infos\"><\/p>\n<!-- Ende GIESSFORM ACF Karteninfos anzeigen -->\n<!-- GIESSFORM Download Monitor Shortcode display with ACF -->\n <!-- -->\n<!-- Ende GIESSFORM Download Monitor Shortcode display with ACF -->\n\t\t\t\t<footer class=\"card__footer\">\n\t\t\t\t\t\t\t\t\t\t\t<ul class=\"card__tags\">\n\t\t\t\t\t\t\t\t\t\t\t\t\t<\/ul><!-- .card__tags -->\n\t\t\t\t\t\t\t\t\t<\/footer>\n\t\t\t<\/div><!-- .card__content -->\n\t\t<\/a>\n\t<\/article><!-- .card.card-listing -->\n<\/div><!-- .grid__item -->\n\n<div class=\"grid__item\">\n\t<article class=\"card  card--listing\" itemscope itemtype=\"http:\/\/schema.org\/LocalBusiness\"\n\t         data-latitude=\"\"\n\t         data-longitude=\"\"\n\t         data-img=\"https:\/\/www.schweizerweltatlas.ch\/swaweb\/wp-content\/uploads\/017_1_h_fr-450x127.jpg\"\n\t         data-permalink=\"https:\/\/www.schweizerweltatlas.ch\/fr\/listings\/0017\/\"\n\t         data-categories=\"\"\n\t\t >\n\t\t<a href=\"https:\/\/www.schweizerweltatlas.ch\/fr\/listings\/0017\/\">\n\t\t\t<aside class=\"card__image\"\n\t\t\t       style=\"background-image: url(https:\/\/www.schweizerweltatlas.ch\/swaweb\/wp-content\/uploads\/017_1_h_fr-450x127.jpg);\">\n\t\t\t\t\n\t\t\t\t\n\t\t\t\t\n\t\t\t<\/aside><!-- .card__image -->\n\t\t\t<div class=\"card__content\">\n<!-- GIESSFORM ACF Region anzeigen -->\n<p class=\"card_regionen\"><a href=\"?fwp_regionen=composition-et-structure-des-cartes-taxfr\">Composition et structure des cartes<\/a><br><a href=\"?fwp_regionen=introduction-taxfr\">Introduction<\/a><br><\/p>\n<!-- Ende GIESSFORM ACF Themen anzeigen -->\n<!-- GIESSFORM ACF Kartennummer anzeigen -->\n                \t\t\t\t<p class=\"card_kartennummer\"><\/p>\n<!-- Ende GIESSFORM ACF Kartennummer anzeigen -->\n\t\t\t\t<a href=\"https:\/\/www.schweizerweltatlas.ch\/fr\/listings\/0017\/\"><h2 class=\"card__title\" itemprop=\"name\">Composition et structure des cartes<\/h2><\/a>\n\t\t\t\t<!-- <div class=\"card__tagline\" itemprop=\"description\"><\/div> -->\n<!-- GIESSFORM ACF Themen anzeigen -->\n<p class=\"card_themen\"><a href=\"?fwp_themen=bases-cartographiques-et-methodes-taxfr\">Bases cartographiques et M\u00e9thodes<\/a><\/p>\n<!-- Ende GIESSFORM ACF Themen anzeigen -->\n\t\t\t\t\n<!-- GIESSFORM ACF Karteninfos anzeigen -->\n\t\t\t\t<p class=\"card_infos\"><\/p>\n<!-- Ende GIESSFORM ACF Karteninfos anzeigen -->\n<!-- GIESSFORM Download Monitor Shortcode display with ACF -->\n <!-- -->\n<!-- Ende GIESSFORM Download Monitor Shortcode display with ACF -->\n\t\t\t\t<footer class=\"card__footer\">\n\t\t\t\t\t\t\t\t\t<\/footer>\n\t\t\t<\/div><!-- .card__content -->\n\t\t<\/a>\n\t<\/article><!-- .card.card-listing -->\n<\/div><!-- .grid__item -->\n\n<div class=\"grid__item\">\n\t<article class=\"card  card--listing\" itemscope itemtype=\"http:\/\/schema.org\/LocalBusiness\"\n\t         data-latitude=\"\"\n\t         data-longitude=\"\"\n\t         data-img=\"https:\/\/www.schweizerweltatlas.ch\/swaweb\/wp-content\/uploads\/018_1_h_fr-450x127.jpg\"\n\t         data-permalink=\"https:\/\/www.schweizerweltatlas.ch\/fr\/listings\/0018\/\"\n\t         data-categories=\"\"\n\t\t >\n\t\t<a href=\"https:\/\/www.schweizerweltatlas.ch\/fr\/listings\/0018\/\">\n\t\t\t<aside class=\"card__image\"\n\t\t\t       style=\"background-image: url(https:\/\/www.schweizerweltatlas.ch\/swaweb\/wp-content\/uploads\/018_1_h_fr-450x127.jpg);\">\n\t\t\t\t\n\t\t\t\t\n\t\t\t\t\n\t\t\t<\/aside><!-- .card__image -->\n\t\t\t<div class=\"card__content\">\n<!-- GIESSFORM ACF Region anzeigen -->\n<p class=\"card_regionen\"><a href=\"?fwp_regionen=introduction-taxfr\">Introduction<\/a><br><a href=\"?fwp_regionen=types-de-carte-et-formes-de-visualisation-taxfr\">Types de carte et formes de visualisation<\/a><br><\/p>\n<!-- Ende GIESSFORM ACF Themen anzeigen -->\n<!-- GIESSFORM ACF Kartennummer anzeigen -->\n                \t\t\t\t<p class=\"card_kartennummer\"><\/p>\n<!-- Ende GIESSFORM ACF Kartennummer anzeigen -->\n\t\t\t\t<a href=\"https:\/\/www.schweizerweltatlas.ch\/fr\/listings\/0018\/\"><h2 class=\"card__title\" itemprop=\"name\">Types de carte et formes de visualisation<\/h2><\/a>\n\t\t\t\t<!-- <div class=\"card__tagline\" itemprop=\"description\"><\/div> -->\n<!-- GIESSFORM ACF Themen anzeigen -->\n<p class=\"card_themen\"><a href=\"?fwp_themen=bases-cartographiques-et-methodes-taxfr\">Bases cartographiques et M\u00e9thodes<\/a><\/p>\n<!-- Ende GIESSFORM ACF Themen anzeigen -->\n\t\t\t\t\n<!-- GIESSFORM ACF Karteninfos anzeigen -->\n\t\t\t\t<p class=\"card_infos\"><\/p>\n<!-- Ende GIESSFORM ACF Karteninfos anzeigen -->\n<!-- GIESSFORM Download Monitor Shortcode display with ACF -->\n <!-- -->\n<!-- Ende GIESSFORM Download Monitor Shortcode display with ACF -->\n\t\t\t\t<footer class=\"card__footer\">\n\t\t\t\t\t\t\t\t\t<\/footer>\n\t\t\t<\/div><!-- .card__content -->\n\t\t<\/a>\n\t<\/article><!-- .card.card-listing -->\n<\/div><!-- .grid__item -->\n\n<div class=\"grid__item\">\n\t<article class=\"card  card--listing\" itemscope itemtype=\"http:\/\/schema.org\/LocalBusiness\"\n\t         data-latitude=\"\"\n\t         data-longitude=\"\"\n\t         data-img=\"https:\/\/www.schweizerweltatlas.ch\/swaweb\/wp-content\/uploads\/020_1_h_fr-450x127.jpg\"\n\t         data-permalink=\"https:\/\/www.schweizerweltatlas.ch\/fr\/listings\/0020\/\"\n\t         data-categories=\"Mat\u00e9riels suppl\u00e9mentaires, Mat\u00e9riels p\u00e9dagogiques suppl., Lien externe\"\n\t\t data-icon=\"\" >\n\t\t<a href=\"https:\/\/www.schweizerweltatlas.ch\/fr\/listings\/0020\/\">\n\t\t\t<aside class=\"card__image\"\n\t\t\t       style=\"background-image: url(https:\/\/www.schweizerweltatlas.ch\/swaweb\/wp-content\/uploads\/020_1_h_fr-450x127.jpg);\">\n\t\t\t\t\n\t\t\t\t\n\t\t\t\t\n\t\t\t<\/aside><!-- .card__image -->\n\t\t\t<div class=\"card__content\">\n<!-- GIESSFORM ACF Region anzeigen -->\n<p class=\"card_regionen\"><a href=\"?fwp_regionen=cartes-nationales-taxfr\">Cartes nationales<\/a><br><a href=\"?fwp_regionen=introduction-taxfr\">Introduction<\/a><br><\/p>\n<!-- Ende GIESSFORM ACF Themen anzeigen -->\n<!-- GIESSFORM ACF Kartennummer anzeigen -->\n                \t\t\t\t<p class=\"card_kartennummer\"><\/p>\n<!-- Ende GIESSFORM ACF Kartennummer anzeigen -->\n\t\t\t\t<a href=\"https:\/\/www.schweizerweltatlas.ch\/fr\/listings\/0020\/\"><h2 class=\"card__title\" itemprop=\"name\">Cartes nationales<\/h2><\/a>\n\t\t\t\t<!-- <div class=\"card__tagline\" itemprop=\"description\"><\/div> -->\n<!-- GIESSFORM ACF Themen anzeigen -->\n<p class=\"card_themen\"><a href=\"?fwp_themen=bases-cartographiques-et-methodes-taxfr\">Bases cartographiques et M\u00e9thodes<\/a><\/p>\n<!-- Ende GIESSFORM ACF Themen anzeigen -->\n\t\t\t\t\n<!-- GIESSFORM ACF Karteninfos anzeigen -->\n\t\t\t\t<p class=\"card_infos\"><\/p>\n<!-- Ende GIESSFORM ACF Karteninfos anzeigen -->\n<!-- GIESSFORM Download Monitor Shortcode display with ACF -->\n <!-- -->\n<!-- Ende GIESSFORM Download Monitor Shortcode display with ACF -->\n\t\t\t\t<footer class=\"card__footer\">\n\t\t\t\t\t\t\t\t\t\t\t<ul class=\"card__tags\">\n\t\t\t\t\t\t\t\t\t\t\t\t\t<\/ul><!-- .card__tags -->\n\t\t\t\t\t\t\t\t\t<\/footer>\n\t\t\t<\/div><!-- .card__content -->\n\t\t<\/a>\n\t<\/article><!-- .card.card-listing -->\n<\/div><!-- .grid__item -->\n\n<div class=\"grid__item\">\n\t<article class=\"card  card--listing\" itemscope itemtype=\"http:\/\/schema.org\/LocalBusiness\"\n\t         data-latitude=\"\"\n\t         data-longitude=\"\"\n\t         data-img=\"https:\/\/www.schweizerweltatlas.ch\/swaweb\/wp-content\/uploads\/022_1_h_fr-450x127.jpg\"\n\t         data-permalink=\"https:\/\/www.schweizerweltatlas.ch\/fr\/listings\/0022\/\"\n\t         data-categories=\"Mat\u00e9riels suppl\u00e9mentaires, Mat\u00e9riels p\u00e9dagogiques suppl., Lien externe\"\n\t\t data-icon=\"\" >\n\t\t<a href=\"https:\/\/www.schweizerweltatlas.ch\/fr\/listings\/0022\/\">\n\t\t\t<aside class=\"card__image\"\n\t\t\t       style=\"background-image: url(https:\/\/www.schweizerweltatlas.ch\/swaweb\/wp-content\/uploads\/022_1_h_fr-450x127.jpg);\">\n\t\t\t\t\n\t\t\t\t\n\t\t\t\t\n\t\t\t<\/aside><!-- .card__image -->\n\t\t\t<div class=\"card__content\">\n<!-- GIESSFORM ACF Region anzeigen -->\n<p class=\"card_regionen\"><a href=\"?fwp_regionen=competences-cartographiques-et-maniement-des-cartes-taxfr\">Comp\u00e9tences cartographiques et maniement des cartes<\/a><br><a href=\"?fwp_regionen=introduction-taxfr\">Introduction<\/a><br><\/p>\n<!-- Ende GIESSFORM ACF Themen anzeigen -->\n<!-- GIESSFORM ACF Kartennummer anzeigen -->\n                \t\t\t\t<p class=\"card_kartennummer\"><\/p>\n<!-- Ende GIESSFORM ACF Kartennummer anzeigen -->\n\t\t\t\t<a href=\"https:\/\/www.schweizerweltatlas.ch\/fr\/listings\/0022\/\"><h2 class=\"card__title\" itemprop=\"name\">Comp\u00e9tences cartographiques et maniement des cartes<\/h2><\/a>\n\t\t\t\t<!-- <div class=\"card__tagline\" itemprop=\"description\"><\/div> -->\n<!-- GIESSFORM ACF Themen anzeigen -->\n<p class=\"card_themen\"><a href=\"?fwp_themen=bases-cartographiques-et-methodes-taxfr\">Bases cartographiques et M\u00e9thodes<\/a><\/p>\n<!-- Ende GIESSFORM ACF Themen anzeigen -->\n\t\t\t\t\n<!-- GIESSFORM ACF Karteninfos anzeigen -->\n\t\t\t\t<p class=\"card_infos\"><\/p>\n<!-- Ende GIESSFORM ACF Karteninfos anzeigen -->\n<!-- GIESSFORM Download Monitor Shortcode display with ACF -->\n <!-- -->\n<!-- Ende GIESSFORM Download Monitor Shortcode display with ACF -->\n\t\t\t\t<footer class=\"card__footer\">\n\t\t\t\t\t\t\t\t\t\t\t<ul class=\"card__tags\">\n\t\t\t\t\t\t\t\t\t\t\t\t\t<\/ul><!-- .card__tags -->\n\t\t\t\t\t\t\t\t\t<\/footer>\n\t\t\t<\/div><!-- .card__content -->\n\t\t<\/a>\n\t<\/article><!-- .card.card-listing -->\n<\/div><!-- .grid__item -->\n\n<div class=\"grid__item\">\n\t<article class=\"card  card--listing\" itemscope itemtype=\"http:\/\/schema.org\/LocalBusiness\"\n\t         data-latitude=\"\"\n\t         data-longitude=\"\"\n\t         data-img=\"https:\/\/www.schweizerweltatlas.ch\/swaweb\/wp-content\/uploads\/024_1_h_fr-450x127.jpg\"\n\t         data-permalink=\"https:\/\/www.schweizerweltatlas.ch\/fr\/listings\/0241\/\"\n\t         data-categories=\"Carte vierge, Mat\u00e9riels suppl\u00e9mentaires, Commentaire, Mat\u00e9riels p\u00e9dagogiques suppl.\"\n\t\t data-icon=\"\" >\n\t\t<a href=\"https:\/\/www.schweizerweltatlas.ch\/fr\/listings\/0241\/\">\n\t\t\t<aside class=\"card__image\"\n\t\t\t       style=\"background-image: url(https:\/\/www.schweizerweltatlas.ch\/swaweb\/wp-content\/uploads\/024_1_h_fr-450x127.jpg);\">\n\t\t\t\t\n\t\t\t\t\n\t\t\t\t\n\t\t\t<\/aside><!-- .card__image -->\n\t\t\t<div class=\"card__content\">\n<!-- GIESSFORM ACF Region anzeigen -->\n<p class=\"card_regionen\"><a href=\"?fwp_regionen=suisse-taxfr\">Suisse<\/a><br><a href=\"?fwp_regionen=suisse-vue-densemble-taxfr\">Suisse \u2013 Vue d'ensemble<\/a><br><\/p>\n<!-- Ende GIESSFORM ACF Themen anzeigen -->\n<!-- GIESSFORM ACF Kartennummer anzeigen -->\n                \t\t\t\t<p class=\"card_kartennummer\">24.1<\/p>\n<!-- Ende GIESSFORM ACF Kartennummer anzeigen -->\n\t\t\t\t<a href=\"https:\/\/www.schweizerweltatlas.ch\/fr\/listings\/0241\/\"><h2 class=\"card__title\" itemprop=\"name\">Carte g\u00e9n\u00e9rale<\/h2><\/a>\n\t\t\t\t<!-- <div class=\"card__tagline\" itemprop=\"description\"><\/div> -->\n<!-- GIESSFORM ACF Themen anzeigen -->\n<p class=\"card_themen\"><a href=\"?fwp_themen=amenagement-du-territoire-et-developpement-du-paysage-taxfr\">Am\u00e9nagement du territoire et d\u00e9veloppement du paysage<\/a><\/p>\n<!-- Ende GIESSFORM ACF Themen anzeigen -->\n\t\t\t\t\n<!-- GIESSFORM ACF Karteninfos anzeigen -->\n\t\t\t\t<p class=\"card_infos\">1:800000<br \/><\/p>\n<!-- Ende GIESSFORM ACF Karteninfos anzeigen -->\n<!-- GIESSFORM Download Monitor Shortcode display with ACF -->\n <!-- -->\n<!-- Ende GIESSFORM Download Monitor Shortcode display with ACF -->\n\t\t\t\t<footer class=\"card__footer\">\n\t\t\t\t\t\t\t\t\t\t\t<ul class=\"card__tags\">\n\t\t\t\t\t\t\t\t\t\t\t\t\t<\/ul><!-- .card__tags -->\n\t\t\t\t\t\t\t\t\t<\/footer>\n\t\t\t<\/div><!-- .card__content -->\n\t\t<\/a>\n\t<\/article><!-- .card.card-listing -->\n<\/div><!-- .grid__item -->\n\n<div class=\"grid__item\">\n\t<article class=\"card  card--listing\" itemscope itemtype=\"http:\/\/schema.org\/LocalBusiness\"\n\t         data-latitude=\"\"\n\t         data-longitude=\"\"\n\t         data-img=\"https:\/\/www.schweizerweltatlas.ch\/swaweb\/wp-content\/uploads\/026_1_h_fr-450x127.jpg\"\n\t         data-permalink=\"https:\/\/www.schweizerweltatlas.ch\/fr\/listings\/0261\/\"\n\t         data-categories=\"Carte vierge, Mat\u00e9riels suppl\u00e9mentaires\"\n\t\t data-icon=\"\" >\n\t\t<a href=\"https:\/\/www.schweizerweltatlas.ch\/fr\/listings\/0261\/\">\n\t\t\t<aside class=\"card__image\"\n\t\t\t       style=\"background-image: url(https:\/\/www.schweizerweltatlas.ch\/swaweb\/wp-content\/uploads\/026_1_h_fr-450x127.jpg);\">\n\t\t\t\t\n\t\t\t\t\n\t\t\t\t\n\t\t\t<\/aside><!-- .card__image -->\n\t\t\t<div class=\"card__content\">\n<!-- GIESSFORM ACF Region anzeigen -->\n<p class=\"card_regionen\"><a href=\"?fwp_regionen=suisse-taxfr\">Suisse<\/a><br><a href=\"?fwp_regionen=suisse-vue-densemble-taxfr\">Suisse \u2013 Vue d'ensemble<\/a><br><\/p>\n<!-- Ende GIESSFORM ACF Themen anzeigen -->\n<!-- GIESSFORM ACF Kartennummer anzeigen -->\n                \t\t\t\t<p class=\"card_kartennummer\">26.1<\/p>\n<!-- Ende GIESSFORM ACF Kartennummer anzeigen -->\n\t\t\t\t<a href=\"https:\/\/www.schweizerweltatlas.ch\/fr\/listings\/0261\/\"><h2 class=\"card__title\" itemprop=\"name\">G\u00e9ologie<\/h2><\/a>\n\t\t\t\t<!-- <div class=\"card__tagline\" itemprop=\"description\"><\/div> -->\n<!-- GIESSFORM ACF Themen anzeigen -->\n<p class=\"card_themen\"><a href=\"?fwp_themen=geologie-et-geomorphologie-taxfr\">G\u00e9ologie et G\u00e9omorphologie<\/a><\/p>\n<!-- Ende GIESSFORM ACF Themen anzeigen -->\n\t\t\t\t\n<!-- GIESSFORM ACF Karteninfos anzeigen -->\n\t\t\t\t<p class=\"card_infos\">1:1800000<br \/><\/p>\n<!-- Ende GIESSFORM ACF Karteninfos anzeigen -->\n<!-- GIESSFORM Download Monitor Shortcode display with ACF -->\n <!-- -->\n<!-- Ende GIESSFORM Download Monitor Shortcode display with ACF -->\n\t\t\t\t<footer class=\"card__footer\">\n\t\t\t\t\t\t\t\t\t\t\t<ul class=\"card__tags\">\n\t\t\t\t\t\t\t\t\t\t\t\t\t<\/ul><!-- .card__tags -->\n\t\t\t\t\t\t\t\t\t<\/footer>\n\t\t\t<\/div><!-- .card__content -->\n\t\t<\/a>\n\t<\/article><!-- .card.card-listing -->\n<\/div><!-- .grid__item -->\n\n<div class=\"grid__item\">\n\t<article class=\"card  card--listing\" itemscope itemtype=\"http:\/\/schema.org\/LocalBusiness\"\n\t         data-latitude=\"\"\n\t         data-longitude=\"\"\n\t         data-img=\"https:\/\/www.schweizerweltatlas.ch\/swaweb\/wp-content\/uploads\/026_2_h_fr-450x127.jpg\"\n\t         data-permalink=\"https:\/\/www.schweizerweltatlas.ch\/fr\/listings\/0262\/\"\n\t         data-categories=\"Carte vierge, Mat\u00e9riels suppl\u00e9mentaires\"\n\t\t data-icon=\"\" >\n\t\t<a href=\"https:\/\/www.schweizerweltatlas.ch\/fr\/listings\/0262\/\">\n\t\t\t<aside class=\"card__image\"\n\t\t\t       style=\"background-image: url(https:\/\/www.schweizerweltatlas.ch\/swaweb\/wp-content\/uploads\/026_2_h_fr-450x127.jpg);\">\n\t\t\t\t\n\t\t\t\t\n\t\t\t\t\n\t\t\t<\/aside><!-- .card__image -->\n\t\t\t<div class=\"card__content\">\n<!-- GIESSFORM ACF Region anzeigen -->\n<p class=\"card_regionen\"><a href=\"?fwp_regionen=suisse-taxfr\">Suisse<\/a><br><a href=\"?fwp_regionen=suisse-vue-densemble-taxfr\">Suisse \u2013 Vue d'ensemble<\/a><br><\/p>\n<!-- Ende GIESSFORM ACF Themen anzeigen -->\n<!-- GIESSFORM ACF Kartennummer anzeigen -->\n                \t\t\t\t<p class=\"card_kartennummer\">26.2<\/p>\n<!-- Ende GIESSFORM ACF Kartennummer anzeigen -->\n\t\t\t\t<a href=\"https:\/\/www.schweizerweltatlas.ch\/fr\/listings\/0262\/\"><h2 class=\"card__title\" itemprop=\"name\">Roches<\/h2><\/a>\n\t\t\t\t<!-- <div class=\"card__tagline\" itemprop=\"description\"><\/div> -->\n<!-- GIESSFORM ACF Themen anzeigen -->\n<p class=\"card_themen\"><a href=\"?fwp_themen=economie-taxfr\">\u00c9conomie<\/a>, \n\t<a href=\"?fwp_themen=geologie-et-geomorphologie-taxfr\">G\u00e9ologie et G\u00e9omorphologie<\/a><\/p>\n<!-- Ende GIESSFORM ACF Themen anzeigen -->\n\t\t\t\t\n<!-- GIESSFORM ACF Karteninfos anzeigen -->\n\t\t\t\t<p class=\"card_infos\">1:1800000<br \/><\/p>\n<!-- Ende GIESSFORM ACF Karteninfos anzeigen -->\n<!-- GIESSFORM Download Monitor Shortcode display with ACF -->\n <!-- -->\n<!-- Ende GIESSFORM Download Monitor Shortcode display with ACF -->\n\t\t\t\t<footer class=\"card__footer\">\n\t\t\t\t\t\t\t\t\t\t\t<ul class=\"card__tags\">\n\t\t\t\t\t\t\t\t\t\t\t\t\t<\/ul><!-- .card__tags -->\n\t\t\t\t\t\t\t\t\t<\/footer>\n\t\t\t<\/div><!-- .card__content -->\n\t\t<\/a>\n\t<\/article><!-- .card.card-listing -->\n<\/div><!-- .grid__item -->\n\n<div class=\"grid__item\">\n\t<article class=\"card  card--listing\" itemscope itemtype=\"http:\/\/schema.org\/LocalBusiness\"\n\t         data-latitude=\"\"\n\t         data-longitude=\"\"\n\t         data-img=\"https:\/\/www.schweizerweltatlas.ch\/swaweb\/wp-content\/uploads\/027_1_h_fr-450x127.jpg\"\n\t         data-permalink=\"https:\/\/www.schweizerweltatlas.ch\/fr\/listings\/0271\/\"\n\t         data-categories=\"Carte vierge, Mat\u00e9riels suppl\u00e9mentaires\"\n\t\t data-icon=\"\" >\n\t\t<a href=\"https:\/\/www.schweizerweltatlas.ch\/fr\/listings\/0271\/\">\n\t\t\t<aside class=\"card__image\"\n\t\t\t       style=\"background-image: url(https:\/\/www.schweizerweltatlas.ch\/swaweb\/wp-content\/uploads\/027_1_h_fr-450x127.jpg);\">\n\t\t\t\t\n\t\t\t\t\n\t\t\t\t\n\t\t\t<\/aside><!-- .card__image -->\n\t\t\t<div class=\"card__content\">\n<!-- GIESSFORM ACF Region anzeigen -->\n<p class=\"card_regionen\"><a href=\"?fwp_regionen=suisse-taxfr\">Suisse<\/a><br><a href=\"?fwp_regionen=suisse-vue-densemble-taxfr\">Suisse \u2013 Vue d'ensemble<\/a><br><\/p>\n<!-- Ende GIESSFORM ACF Themen anzeigen -->\n<!-- GIESSFORM ACF Kartennummer anzeigen -->\n                \t\t\t\t<p class=\"card_kartennummer\">27.1<\/p>\n<!-- Ende GIESSFORM ACF Kartennummer anzeigen -->\n\t\t\t\t<a href=\"https:\/\/www.schweizerweltatlas.ch\/fr\/listings\/0271\/\"><h2 class=\"card__title\" itemprop=\"name\">Tectonique<\/h2><\/a>\n\t\t\t\t<!-- <div class=\"card__tagline\" itemprop=\"description\"><\/div> -->\n<!-- GIESSFORM ACF Themen anzeigen -->\n<p class=\"card_themen\"><a href=\"?fwp_themen=geologie-et-geomorphologie-taxfr\">G\u00e9ologie et G\u00e9omorphologie<\/a><\/p>\n<!-- Ende GIESSFORM ACF Themen anzeigen -->\n\t\t\t\t\n<!-- GIESSFORM ACF Karteninfos anzeigen -->\n\t\t\t\t<p class=\"card_infos\">1:1800000<br \/><\/p>\n<!-- Ende GIESSFORM ACF Karteninfos anzeigen -->\n<!-- GIESSFORM Download Monitor Shortcode display with ACF -->\n <!-- -->\n<!-- Ende GIESSFORM Download Monitor Shortcode display with ACF -->\n\t\t\t\t<footer class=\"card__footer\">\n\t\t\t\t\t\t\t\t\t\t\t<ul class=\"card__tags\">\n\t\t\t\t\t\t\t\t\t\t\t\t\t<\/ul><!-- .card__tags -->\n\t\t\t\t\t\t\t\t\t<\/footer>\n\t\t\t<\/div><!-- .card__content -->\n\t\t<\/a>\n\t<\/article><!-- .card.card-listing -->\n<\/div><!-- .grid__item -->\n\n<div class=\"grid__item\">\n\t<article class=\"card  card--listing\" itemscope itemtype=\"http:\/\/schema.org\/LocalBusiness\"\n\t         data-latitude=\"\"\n\t         data-longitude=\"\"\n\t         data-img=\"https:\/\/www.schweizerweltatlas.ch\/swaweb\/wp-content\/uploads\/027_2_h_fr-450x127.jpg\"\n\t         data-permalink=\"https:\/\/www.schweizerweltatlas.ch\/fr\/listings\/0272\/\"\n\t         data-categories=\"Mat\u00e9riels suppl\u00e9mentaires\"\n\t\t data-icon=\"\" >\n\t\t<a href=\"https:\/\/www.schweizerweltatlas.ch\/fr\/listings\/0272\/\">\n\t\t\t<aside class=\"card__image\"\n\t\t\t       style=\"background-image: url(https:\/\/www.schweizerweltatlas.ch\/swaweb\/wp-content\/uploads\/027_2_h_fr-450x127.jpg);\">\n\t\t\t\t\n\t\t\t\t\n\t\t\t\t\n\t\t\t<\/aside><!-- .card__image -->\n\t\t\t<div class=\"card__content\">\n<!-- GIESSFORM ACF Region anzeigen -->\n<p class=\"card_regionen\"><a href=\"?fwp_regionen=suisse-taxfr\">Suisse<\/a><br><a href=\"?fwp_regionen=suisse-vue-densemble-taxfr\">Suisse \u2013 Vue d'ensemble<\/a><br><\/p>\n<!-- Ende GIESSFORM ACF Themen anzeigen -->\n<!-- GIESSFORM ACF Kartennummer anzeigen -->\n                \t\t\t\t<p class=\"card_kartennummer\">27.2<\/p>\n<!-- Ende GIESSFORM ACF Kartennummer anzeigen -->\n\t\t\t\t<a href=\"https:\/\/www.schweizerweltatlas.ch\/fr\/listings\/0272\/\"><h2 class=\"card__title\" itemprop=\"name\">Profil tectonique de la Suisse occidentale<\/h2><\/a>\n\t\t\t\t<!-- <div class=\"card__tagline\" itemprop=\"description\"><\/div> -->\n<!-- GIESSFORM ACF Themen anzeigen -->\n<p class=\"card_themen\"><a href=\"?fwp_themen=geologie-et-geomorphologie-taxfr\">G\u00e9ologie et G\u00e9omorphologie<\/a><\/p>\n<!-- Ende GIESSFORM ACF Themen anzeigen -->\n\t\t\t\t\n<!-- GIESSFORM ACF Karteninfos anzeigen -->\n\t\t\t\t<p class=\"card_infos\">1:1800000<br \/><\/p>\n<!-- Ende GIESSFORM ACF Karteninfos anzeigen -->\n<!-- GIESSFORM Download Monitor Shortcode display with ACF -->\n <!-- -->\n<!-- Ende GIESSFORM Download Monitor Shortcode display with ACF -->\n\t\t\t\t<footer class=\"card__footer\">\n\t\t\t\t\t\t\t\t\t\t\t<ul class=\"card__tags\">\n\t\t\t\t\t\t\t\t\t\t\t\t\t<\/ul><!-- .card__tags -->\n\t\t\t\t\t\t\t\t\t<\/footer>\n\t\t\t<\/div><!-- .card__content -->\n\t\t<\/a>\n\t<\/article><!-- .card.card-listing -->\n<\/div><!-- .grid__item -->\n\n<div class=\"grid__item\">\n\t<article class=\"card  card--listing\" itemscope itemtype=\"http:\/\/schema.org\/LocalBusiness\"\n\t         data-latitude=\"\"\n\t         data-longitude=\"\"\n\t         data-img=\"https:\/\/www.schweizerweltatlas.ch\/swaweb\/wp-content\/uploads\/027_3_h_fr-450x127.jpg\"\n\t         data-permalink=\"https:\/\/www.schweizerweltatlas.ch\/fr\/listings\/0273\/\"\n\t         data-categories=\"Mat\u00e9riels suppl\u00e9mentaires\"\n\t\t data-icon=\"\" >\n\t\t<a href=\"https:\/\/www.schweizerweltatlas.ch\/fr\/listings\/0273\/\">\n\t\t\t<aside class=\"card__image\"\n\t\t\t       style=\"background-image: url(https:\/\/www.schweizerweltatlas.ch\/swaweb\/wp-content\/uploads\/027_3_h_fr-450x127.jpg);\">\n\t\t\t\t\n\t\t\t\t\n\t\t\t\t\n\t\t\t<\/aside><!-- .card__image -->\n\t\t\t<div class=\"card__content\">\n<!-- GIESSFORM ACF Region anzeigen -->\n<p class=\"card_regionen\"><a href=\"?fwp_regionen=suisse-taxfr\">Suisse<\/a><br><a href=\"?fwp_regionen=suisse-vue-densemble-taxfr\">Suisse \u2013 Vue d'ensemble<\/a><br><\/p>\n<!-- Ende GIESSFORM ACF Themen anzeigen -->\n<!-- GIESSFORM ACF Kartennummer anzeigen -->\n                \t\t\t\t<p class=\"card_kartennummer\">27.3<\/p>\n<!-- Ende GIESSFORM ACF Kartennummer anzeigen -->\n\t\t\t\t<a href=\"https:\/\/www.schweizerweltatlas.ch\/fr\/listings\/0273\/\"><h2 class=\"card__title\" itemprop=\"name\">Profil tectonique de la For\u00eat Noire au Lac Majeur<\/h2><\/a>\n\t\t\t\t<!-- <div class=\"card__tagline\" itemprop=\"description\"><\/div> -->\n<!-- GIESSFORM ACF Themen anzeigen -->\n<p class=\"card_themen\"><\/p>\n<!-- Ende GIESSFORM ACF Themen anzeigen -->\n\t\t\t\t\n<!-- GIESSFORM ACF Karteninfos anzeigen -->\n\t\t\t\t<p class=\"card_infos\">1:1800000<br \/><\/p>\n<!-- Ende GIESSFORM ACF Karteninfos anzeigen -->\n<!-- GIESSFORM Download Monitor Shortcode display with ACF -->\n <!-- -->\n<!-- Ende GIESSFORM Download Monitor Shortcode display with ACF -->\n\t\t\t\t<footer class=\"card__footer\">\n\t\t\t\t\t\t\t\t\t\t\t<ul class=\"card__tags\">\n\t\t\t\t\t\t\t\t\t\t\t\t\t<\/ul><!-- .card__tags -->\n\t\t\t\t\t\t\t\t\t<\/footer>\n\t\t\t<\/div><!-- .card__content -->\n\t\t<\/a>\n\t<\/article><!-- .card.card-listing -->\n<\/div><!-- .grid__item -->\n\n<div class=\"grid__item\">\n\t<article class=\"card  card--listing\" itemscope itemtype=\"http:\/\/schema.org\/LocalBusiness\"\n\t         data-latitude=\"\"\n\t         data-longitude=\"\"\n\t         data-img=\"https:\/\/www.schweizerweltatlas.ch\/swaweb\/wp-content\/uploads\/027_4_h_fr-450x127.jpg\"\n\t         data-permalink=\"https:\/\/www.schweizerweltatlas.ch\/fr\/listings\/0274\/\"\n\t         data-categories=\"Mat\u00e9riels suppl\u00e9mentaires\"\n\t\t data-icon=\"\" >\n\t\t<a href=\"https:\/\/www.schweizerweltatlas.ch\/fr\/listings\/0274\/\">\n\t\t\t<aside class=\"card__image\"\n\t\t\t       style=\"background-image: url(https:\/\/www.schweizerweltatlas.ch\/swaweb\/wp-content\/uploads\/027_4_h_fr-450x127.jpg);\">\n\t\t\t\t\n\t\t\t\t\n\t\t\t\t\n\t\t\t<\/aside><!-- .card__image -->\n\t\t\t<div class=\"card__content\">\n<!-- GIESSFORM ACF Region anzeigen -->\n<p class=\"card_regionen\"><a href=\"?fwp_regionen=suisse-taxfr\">Suisse<\/a><br><a href=\"?fwp_regionen=suisse-vue-densemble-taxfr\">Suisse \u2013 Vue d'ensemble<\/a><br><\/p>\n<!-- Ende GIESSFORM ACF Themen anzeigen -->\n<!-- GIESSFORM ACF Kartennummer anzeigen -->\n                \t\t\t\t<p class=\"card_kartennummer\">27.4<\/p>\n<!-- Ende GIESSFORM ACF Kartennummer anzeigen -->\n\t\t\t\t<a href=\"https:\/\/www.schweizerweltatlas.ch\/fr\/listings\/0274\/\"><h2 class=\"card__title\" itemprop=\"name\">Profil tectonique de la Suisse orientale<\/h2><\/a>\n\t\t\t\t<!-- <div class=\"card__tagline\" itemprop=\"description\"><\/div> -->\n<!-- GIESSFORM ACF Themen anzeigen -->\n<p class=\"card_themen\"><\/p>\n<!-- Ende GIESSFORM ACF Themen anzeigen -->\n\t\t\t\t\n<!-- GIESSFORM ACF Karteninfos anzeigen -->\n\t\t\t\t<p class=\"card_infos\">1:1800000<br \/><\/p>\n<!-- Ende GIESSFORM ACF Karteninfos anzeigen -->\n<!-- GIESSFORM Download Monitor Shortcode display with ACF -->\n <!-- -->\n<!-- Ende GIESSFORM Download Monitor Shortcode display with ACF -->\n\t\t\t\t<footer class=\"card__footer\">\n\t\t\t\t\t\t\t\t\t\t\t<ul class=\"card__tags\">\n\t\t\t\t\t\t\t\t\t\t\t\t\t<\/ul><!-- .card__tags -->\n\t\t\t\t\t\t\t\t\t<\/footer>\n\t\t\t<\/div><!-- .card__content -->\n\t\t<\/a>\n\t<\/article><!-- .card.card-listing -->\n<\/div><!-- .grid__item -->\n\n<div class=\"grid__item\">\n\t<article class=\"card  card--listing  is--featured\" itemscope itemtype=\"http:\/\/schema.org\/LocalBusiness\"\n\t         data-latitude=\"\"\n\t         data-longitude=\"\"\n\t         data-img=\"https:\/\/www.schweizerweltatlas.ch\/swaweb\/wp-content\/uploads\/028_1_h_fr-450x127.jpg\"\n\t         data-permalink=\"https:\/\/www.schweizerweltatlas.ch\/fr\/listings\/0281\/\"\n\t         data-categories=\"Carte vierge, Mat\u00e9riels suppl\u00e9mentaires, Commentaire, Outil interactif\"\n\t\t data-icon=\"\" >\n\t\t<a href=\"https:\/\/www.schweizerweltatlas.ch\/fr\/listings\/0281\/\">\n\t\t\t<aside class=\"card__image\"\n\t\t\t       style=\"background-image: url(https:\/\/www.schweizerweltatlas.ch\/swaweb\/wp-content\/uploads\/028_1_h_fr-450x127.jpg);\">\n\t\t\t\t\t\t\t\t\t<span class=\"card__featured-tag\">Outil interactif<\/span>\n\t\t\t\t\n\t\t\t\t\n\t\t\t\t\n\t\t\t<\/aside><!-- .card__image -->\n\t\t\t<div class=\"card__content\">\n<!-- GIESSFORM ACF Region anzeigen -->\n<p class=\"card_regionen\"><a href=\"?fwp_regionen=suisse-taxfr\">Suisse<\/a><br><a href=\"?fwp_regionen=suisse-vue-densemble-taxfr\">Suisse \u2013 Vue d'ensemble<\/a><br><\/p>\n<!-- Ende GIESSFORM ACF Themen anzeigen -->\n<!-- GIESSFORM ACF Kartennummer anzeigen -->\n                \t\t\t\t<p class=\"card_kartennummer\">28.1<\/p>\n<!-- Ende GIESSFORM ACF Kartennummer anzeigen -->\n\t\t\t\t<a href=\"https:\/\/www.schweizerweltatlas.ch\/fr\/listings\/0281\/\"><h2 class=\"card__title\" itemprop=\"name\">Temp\u00e9ratures moyennes en janvier<\/h2><\/a>\n\t\t\t\t<!-- <div class=\"card__tagline\" itemprop=\"description\"><\/div> -->\n<!-- GIESSFORM ACF Themen anzeigen -->\n<p class=\"card_themen\"><a href=\"?fwp_themen=meteorologie-et-climatologie-taxfr\">M\u00e9t\u00e9orologie et Climatologie<\/a><\/p>\n<!-- Ende GIESSFORM ACF Themen anzeigen -->\n\t\t\t\t\n<!-- GIESSFORM ACF Karteninfos anzeigen -->\n\t\t\t\t<p class=\"card_infos\">1:1800000<br \/><\/p>\n<!-- Ende GIESSFORM ACF Karteninfos anzeigen -->\n<!-- GIESSFORM Download Monitor Shortcode display with ACF -->\n <!-- -->\n<!-- Ende GIESSFORM Download Monitor Shortcode display with ACF -->\n\t\t\t\t<footer class=\"card__footer\">\n\t\t\t\t\t\t\t\t\t\t\t<ul class=\"card__tags\">\n\t\t\t\t\t\t\t\t\t\t\t\t\t<\/ul><!-- .card__tags -->\n\t\t\t\t\t\t\t\t\t<\/footer>\n\t\t\t<\/div><!-- .card__content -->\n\t\t<\/a>\n\t<\/article><!-- .card.card-listing -->\n<\/div><!-- .grid__item -->\n\n<div class=\"grid__item\">\n\t<article class=\"card  card--listing  is--featured\" itemscope itemtype=\"http:\/\/schema.org\/LocalBusiness\"\n\t         data-latitude=\"\"\n\t         data-longitude=\"\"\n\t         data-img=\"https:\/\/www.schweizerweltatlas.ch\/swaweb\/wp-content\/uploads\/028_2_h_fr-450x127.jpg\"\n\t         data-permalink=\"https:\/\/www.schweizerweltatlas.ch\/fr\/listings\/0282\/\"\n\t         data-categories=\"Carte vierge, Mat\u00e9riels suppl\u00e9mentaires, Commentaire, Outil interactif\"\n\t\t data-icon=\"\" >\n\t\t<a href=\"https:\/\/www.schweizerweltatlas.ch\/fr\/listings\/0282\/\">\n\t\t\t<aside class=\"card__image\"\n\t\t\t       style=\"background-image: url(https:\/\/www.schweizerweltatlas.ch\/swaweb\/wp-content\/uploads\/028_2_h_fr-450x127.jpg);\">\n\t\t\t\t\t\t\t\t\t<span class=\"card__featured-tag\">Outil interactif<\/span>\n\t\t\t\t\n\t\t\t\t\n\t\t\t\t\n\t\t\t<\/aside><!-- .card__image -->\n\t\t\t<div class=\"card__content\">\n<!-- GIESSFORM ACF Region anzeigen -->\n<p class=\"card_regionen\"><a href=\"?fwp_regionen=suisse-taxfr\">Suisse<\/a><br><a href=\"?fwp_regionen=suisse-vue-densemble-taxfr\">Suisse \u2013 Vue d'ensemble<\/a><br><\/p>\n<!-- Ende GIESSFORM ACF Themen anzeigen -->\n<!-- GIESSFORM ACF Kartennummer anzeigen -->\n                \t\t\t\t<p class=\"card_kartennummer\">28.2<\/p>\n<!-- Ende GIESSFORM ACF Kartennummer anzeigen -->\n\t\t\t\t<a href=\"https:\/\/www.schweizerweltatlas.ch\/fr\/listings\/0282\/\"><h2 class=\"card__title\" itemprop=\"name\">Temp\u00e9ratures moyennes en juillet<\/h2><\/a>\n\t\t\t\t<!-- <div class=\"card__tagline\" itemprop=\"description\"><\/div> -->\n<!-- GIESSFORM ACF Themen anzeigen -->\n<p class=\"card_themen\"><a href=\"?fwp_themen=meteorologie-et-climatologie-taxfr\">M\u00e9t\u00e9orologie et Climatologie<\/a><\/p>\n<!-- Ende GIESSFORM ACF Themen anzeigen -->\n\t\t\t\t\n<!-- GIESSFORM ACF Karteninfos anzeigen -->\n\t\t\t\t<p class=\"card_infos\">1:1800000<br \/><\/p>\n<!-- Ende GIESSFORM ACF Karteninfos anzeigen -->\n<!-- GIESSFORM Download Monitor Shortcode display with ACF -->\n <!-- -->\n<!-- Ende GIESSFORM Download Monitor Shortcode display with ACF -->\n\t\t\t\t<footer class=\"card__footer\">\n\t\t\t\t\t\t\t\t\t\t\t<ul class=\"card__tags\">\n\t\t\t\t\t\t\t\t\t\t\t\t\t<\/ul><!-- .card__tags -->\n\t\t\t\t\t\t\t\t\t<\/footer>\n\t\t\t<\/div><!-- .card__content -->\n\t\t<\/a>\n\t<\/article><!-- .card.card-listing -->\n<\/div><!-- .grid__item -->\n\n<div class=\"grid__item\">\n\t<article class=\"card  card--listing  is--featured\" itemscope itemtype=\"http:\/\/schema.org\/LocalBusiness\"\n\t         data-latitude=\"\"\n\t         data-longitude=\"\"\n\t         data-img=\"https:\/\/www.schweizerweltatlas.ch\/swaweb\/wp-content\/uploads\/029_1_h_fr-450x127.jpg\"\n\t         data-permalink=\"https:\/\/www.schweizerweltatlas.ch\/fr\/listings\/0291\/\"\n\t         data-categories=\"Carte vierge, Mat\u00e9riels suppl\u00e9mentaires, Commentaire, Outil interactif\"\n\t\t data-icon=\"\" >\n\t\t<a href=\"https:\/\/www.schweizerweltatlas.ch\/fr\/listings\/0291\/\">\n\t\t\t<aside class=\"card__image\"\n\t\t\t       style=\"background-image: url(https:\/\/www.schweizerweltatlas.ch\/swaweb\/wp-content\/uploads\/029_1_h_fr-450x127.jpg);\">\n\t\t\t\t\t\t\t\t\t<span class=\"card__featured-tag\">Outil interactif<\/span>\n\t\t\t\t\n\t\t\t\t\n\t\t\t\t\n\t\t\t<\/aside><!-- .card__image -->\n\t\t\t<div class=\"card__content\">\n<!-- GIESSFORM ACF Region anzeigen -->\n<p class=\"card_regionen\"><a href=\"?fwp_regionen=suisse-taxfr\">Suisse<\/a><br><a href=\"?fwp_regionen=suisse-vue-densemble-taxfr\">Suisse \u2013 Vue d'ensemble<\/a><br><\/p>\n<!-- Ende GIESSFORM ACF Themen anzeigen -->\n<!-- GIESSFORM ACF Kartennummer anzeigen -->\n                \t\t\t\t<p class=\"card_kartennummer\">29.1<\/p>\n<!-- Ende GIESSFORM ACF Kartennummer anzeigen -->\n\t\t\t\t<a href=\"https:\/\/www.schweizerweltatlas.ch\/fr\/listings\/0291\/\"><h2 class=\"card__title\" itemprop=\"name\">Pr\u00e9cipitations annuelles moyennes<\/h2><\/a>\n\t\t\t\t<!-- <div class=\"card__tagline\" itemprop=\"description\"><\/div> -->\n<!-- GIESSFORM ACF Themen anzeigen -->\n<p class=\"card_themen\"><a href=\"?fwp_themen=hydrologie-et-glaciologie-taxfr\">Hydrologie et Glaciologie<\/a>, \n\t<a href=\"?fwp_themen=meteorologie-et-climatologie-taxfr\">M\u00e9t\u00e9orologie et Climatologie<\/a><\/p>\n<!-- Ende GIESSFORM ACF Themen anzeigen -->\n\t\t\t\t\n<!-- GIESSFORM ACF Karteninfos anzeigen -->\n\t\t\t\t<p class=\"card_infos\">1:1800000<br \/><\/p>\n<!-- Ende GIESSFORM ACF Karteninfos anzeigen -->\n<!-- GIESSFORM Download Monitor Shortcode display with ACF -->\n <!-- -->\n<!-- Ende GIESSFORM Download Monitor Shortcode display with ACF -->\n\t\t\t\t<footer class=\"card__footer\">\n\t\t\t\t\t\t\t\t\t\t\t<ul class=\"card__tags\">\n\t\t\t\t\t\t\t\t\t\t\t\t\t<\/ul><!-- .card__tags -->\n\t\t\t\t\t\t\t\t\t<\/footer>\n\t\t\t<\/div><!-- .card__content -->\n\t\t<\/a>\n\t<\/article><!-- .card.card-listing -->\n<\/div><!-- .grid__item -->\n\n<div class=\"grid__item\">\n\t<article class=\"card  card--listing  is--featured\" itemscope itemtype=\"http:\/\/schema.org\/LocalBusiness\"\n\t         data-latitude=\"\"\n\t         data-longitude=\"\"\n\t         data-img=\"https:\/\/www.schweizerweltatlas.ch\/swaweb\/wp-content\/uploads\/029_2_h_fr-450x127.jpg\"\n\t         data-permalink=\"https:\/\/www.schweizerweltatlas.ch\/fr\/listings\/0292\/\"\n\t         data-categories=\"Mat\u00e9riels suppl\u00e9mentaires, Commentaire, Outil interactif, Mat\u00e9riels p\u00e9dagogiques suppl.\"\n\t\t data-icon=\"\" >\n\t\t<a href=\"https:\/\/www.schweizerweltatlas.ch\/fr\/listings\/0292\/\">\n\t\t\t<aside class=\"card__image\"\n\t\t\t       style=\"background-image: url(https:\/\/www.schweizerweltatlas.ch\/swaweb\/wp-content\/uploads\/029_2_h_fr-450x127.jpg);\">\n\t\t\t\t\t\t\t\t\t<span class=\"card__featured-tag\">Outil interactif<\/span>\n\t\t\t\t\n\t\t\t\t\n\t\t\t\t\n\t\t\t<\/aside><!-- .card__image -->\n\t\t\t<div class=\"card__content\">\n<!-- GIESSFORM ACF Region anzeigen -->\n<p class=\"card_regionen\"><a href=\"?fwp_regionen=suisse-taxfr\">Suisse<\/a><br><a href=\"?fwp_regionen=suisse-vue-densemble-taxfr\">Suisse \u2013 Vue d'ensemble<\/a><br><\/p>\n<!-- Ende GIESSFORM ACF Themen anzeigen -->\n<!-- GIESSFORM ACF Kartennummer anzeigen -->\n                \t\t\t\t<p class=\"card_kartennummer\">29.2<\/p>\n<!-- Ende GIESSFORM ACF Kartennummer anzeigen -->\n\t\t\t\t<a href=\"https:\/\/www.schweizerweltatlas.ch\/fr\/listings\/0292\/\"><h2 class=\"card__title\" itemprop=\"name\">Diagrammes climatiques<\/h2><\/a>\n\t\t\t\t<!-- <div class=\"card__tagline\" itemprop=\"description\"><\/div> -->\n<!-- GIESSFORM ACF Themen anzeigen -->\n<p class=\"card_themen\"><a href=\"?fwp_themen=meteorologie-et-climatologie-taxfr\">M\u00e9t\u00e9orologie et Climatologie<\/a><\/p>\n<!-- Ende GIESSFORM ACF Themen anzeigen -->\n\t\t\t\t\n<!-- GIESSFORM ACF Karteninfos anzeigen -->\n\t\t\t\t<p class=\"card_infos\"><\/p>\n<!-- Ende GIESSFORM ACF Karteninfos anzeigen -->\n<!-- GIESSFORM Download Monitor Shortcode display with ACF -->\n <!-- -->\n<!-- Ende GIESSFORM Download Monitor Shortcode display with ACF -->\n\t\t\t\t<footer class=\"card__footer\">\n\t\t\t\t\t\t\t\t\t\t\t<ul class=\"card__tags\">\n\t\t\t\t\t\t\t\t\t\t\t\t\t<\/ul><!-- .card__tags -->\n\t\t\t\t\t\t\t\t\t<\/footer>\n\t\t\t<\/div><!-- .card__content -->\n\t\t<\/a>\n\t<\/article><!-- .card.card-listing -->\n<\/div><!-- .grid__item -->\n\n<div class=\"grid__item\">\n\t<article class=\"card  card--listing\" itemscope itemtype=\"http:\/\/schema.org\/LocalBusiness\"\n\t         data-latitude=\"\"\n\t         data-longitude=\"\"\n\t         data-img=\"https:\/\/www.schweizerweltatlas.ch\/swaweb\/wp-content\/uploads\/030_1_h_fr-450x127.jpg\"\n\t         data-permalink=\"https:\/\/www.schweizerweltatlas.ch\/fr\/listings\/0301\/\"\n\t         data-categories=\"Carte vierge, Mat\u00e9riels suppl\u00e9mentaires, Lien externe\"\n\t\t data-icon=\"\" >\n\t\t<a href=\"https:\/\/www.schweizerweltatlas.ch\/fr\/listings\/0301\/\">\n\t\t\t<aside class=\"card__image\"\n\t\t\t       style=\"background-image: url(https:\/\/www.schweizerweltatlas.ch\/swaweb\/wp-content\/uploads\/030_1_h_fr-450x127.jpg);\">\n\t\t\t\t\n\t\t\t\t\n\t\t\t\t\n\t\t\t<\/aside><!-- .card__image -->\n\t\t\t<div class=\"card__content\">\n<!-- GIESSFORM ACF Region anzeigen -->\n<p class=\"card_regionen\"><a href=\"?fwp_regionen=suisse-taxfr\">Suisse<\/a><br><a href=\"?fwp_regionen=suisse-vue-densemble-taxfr\">Suisse \u2013 Vue d'ensemble<\/a><br><\/p>\n<!-- Ende GIESSFORM ACF Themen anzeigen -->\n<!-- GIESSFORM ACF Kartennummer anzeigen -->\n                \t\t\t\t<p class=\"card_kartennummer\">30.1<\/p>\n<!-- Ende GIESSFORM ACF Kartennummer anzeigen -->\n\t\t\t\t<a href=\"https:\/\/www.schweizerweltatlas.ch\/fr\/listings\/0301\/\"><h2 class=\"card__title\" itemprop=\"name\">Glaciations \u2013 Extensions maximales du Riss et du W\u00fcrm<\/h2><\/a>\n\t\t\t\t<!-- <div class=\"card__tagline\" itemprop=\"description\"><\/div> -->\n<!-- GIESSFORM ACF Themen anzeigen -->\n<p class=\"card_themen\"><a href=\"?fwp_themen=hydrologie-et-glaciologie-taxfr\">Hydrologie et Glaciologie<\/a><\/p>\n<!-- Ende GIESSFORM ACF Themen anzeigen -->\n\t\t\t\t\n<!-- GIESSFORM ACF Karteninfos anzeigen -->\n\t\t\t\t<p class=\"card_infos\">1:1800000<br \/><\/p>\n<!-- Ende GIESSFORM ACF Karteninfos anzeigen -->\n<!-- GIESSFORM Download Monitor Shortcode display with ACF -->\n <!-- -->\n<!-- Ende GIESSFORM Download Monitor Shortcode display with ACF -->\n\t\t\t\t<footer class=\"card__footer\">\n\t\t\t\t\t\t\t\t\t\t\t<ul class=\"card__tags\">\n\t\t\t\t\t\t\t\t\t\t\t\t\t<\/ul><!-- .card__tags -->\n\t\t\t\t\t\t\t\t\t<\/footer>\n\t\t\t<\/div><!-- .card__content -->\n\t\t<\/a>\n\t<\/article><!-- .card.card-listing -->\n<\/div><!-- .grid__item -->\n\n<div class=\"grid__item\">\n\t<article class=\"card  card--listing\" itemscope itemtype=\"http:\/\/schema.org\/LocalBusiness\"\n\t         data-latitude=\"\"\n\t         data-longitude=\"\"\n\t         data-img=\"https:\/\/www.schweizerweltatlas.ch\/swaweb\/wp-content\/uploads\/030_2_h_fr-450x127.jpg\"\n\t         data-permalink=\"https:\/\/www.schweizerweltatlas.ch\/fr\/listings\/0302\/\"\n\t         data-categories=\"Carte vierge, Mat\u00e9riels suppl\u00e9mentaires\"\n\t\t data-icon=\"\" >\n\t\t<a href=\"https:\/\/www.schweizerweltatlas.ch\/fr\/listings\/0302\/\">\n\t\t\t<aside class=\"card__image\"\n\t\t\t       style=\"background-image: url(https:\/\/www.schweizerweltatlas.ch\/swaweb\/wp-content\/uploads\/030_2_h_fr-450x127.jpg);\">\n\t\t\t\t\n\t\t\t\t\n\t\t\t\t\n\t\t\t<\/aside><!-- .card__image -->\n\t\t\t<div class=\"card__content\">\n<!-- GIESSFORM ACF Region anzeigen -->\n<p class=\"card_regionen\"><a href=\"?fwp_regionen=suisse-taxfr\">Suisse<\/a><br><a href=\"?fwp_regionen=suisse-vue-densemble-taxfr\">Suisse \u2013 Vue d'ensemble<\/a><br><\/p>\n<!-- Ende GIESSFORM ACF Themen anzeigen -->\n<!-- GIESSFORM ACF Kartennummer anzeigen -->\n                \t\t\t\t<p class=\"card_kartennummer\">30.2<\/p>\n<!-- Ende GIESSFORM ACF Kartennummer anzeigen -->\n\t\t\t\t<a href=\"https:\/\/www.schweizerweltatlas.ch\/fr\/listings\/0302\/\"><h2 class=\"card__title\" itemprop=\"name\">Glaciations \u2013 Stades d\u2019extension ou de retrait de la glaciation w\u00fcrmienne<\/h2><\/a>\n\t\t\t\t<!-- <div class=\"card__tagline\" itemprop=\"description\"><\/div> -->\n<!-- GIESSFORM ACF Themen anzeigen -->\n<p class=\"card_themen\"><a href=\"?fwp_themen=hydrologie-et-glaciologie-taxfr\">Hydrologie et Glaciologie<\/a><\/p>\n<!-- Ende GIESSFORM ACF Themen anzeigen -->\n\t\t\t\t\n<!-- GIESSFORM ACF Karteninfos anzeigen -->\n\t\t\t\t<p class=\"card_infos\">1:1800000<br \/><\/p>\n<!-- Ende GIESSFORM ACF Karteninfos anzeigen -->\n<!-- GIESSFORM Download Monitor Shortcode display with ACF -->\n <!-- -->\n<!-- Ende GIESSFORM Download Monitor Shortcode display with ACF -->\n\t\t\t\t<footer class=\"card__footer\">\n\t\t\t\t\t\t\t\t\t\t\t<ul class=\"card__tags\">\n\t\t\t\t\t\t\t\t\t\t\t\t\t<\/ul><!-- .card__tags -->\n\t\t\t\t\t\t\t\t\t<\/footer>\n\t\t\t<\/div><!-- .card__content -->\n\t\t<\/a>\n\t<\/article><!-- .card.card-listing -->\n<\/div><!-- .grid__item -->\n\n<div class=\"grid__item\">\n\t<article class=\"card  card--listing\" itemscope itemtype=\"http:\/\/schema.org\/LocalBusiness\"\n\t         data-latitude=\"\"\n\t         data-longitude=\"\"\n\t         data-img=\"https:\/\/www.schweizerweltatlas.ch\/swaweb\/wp-content\/uploads\/031_1_h_fr-450x127.jpg\"\n\t         data-permalink=\"https:\/\/www.schweizerweltatlas.ch\/fr\/listings\/0311\/\"\n\t         data-categories=\"Mat\u00e9riels suppl\u00e9mentaires, Lien externe\"\n\t\t data-icon=\"\" >\n\t\t<a href=\"https:\/\/www.schweizerweltatlas.ch\/fr\/listings\/0311\/\">\n\t\t\t<aside class=\"card__image\"\n\t\t\t       style=\"background-image: url(https:\/\/www.schweizerweltatlas.ch\/swaweb\/wp-content\/uploads\/031_1_h_fr-450x127.jpg);\">\n\t\t\t\t\n\t\t\t\t\n\t\t\t\t\n\t\t\t<\/aside><!-- .card__image -->\n\t\t\t<div class=\"card__content\">\n<!-- GIESSFORM ACF Region anzeigen -->\n<p class=\"card_regionen\"><a href=\"?fwp_regionen=suisse-taxfr\">Suisse<\/a><br><a href=\"?fwp_regionen=suisse-vue-densemble-taxfr\">Suisse \u2013 Vue d'ensemble<\/a><br><\/p>\n<!-- Ende GIESSFORM ACF Themen anzeigen -->\n<!-- GIESSFORM ACF Kartennummer anzeigen -->\n                \t\t\t\t<p class=\"card_kartennummer\">31.1<\/p>\n<!-- Ende GIESSFORM ACF Kartennummer anzeigen -->\n\t\t\t\t<a href=\"https:\/\/www.schweizerweltatlas.ch\/fr\/listings\/0311\/\"><h2 class=\"card__title\" itemprop=\"name\">R\u00e9gion de la Bernina<\/h2><\/a>\n\t\t\t\t<!-- <div class=\"card__tagline\" itemprop=\"description\"><\/div> -->\n<!-- GIESSFORM ACF Themen anzeigen -->\n<p class=\"card_themen\"><a href=\"?fwp_themen=economie-taxfr\">\u00c9conomie<\/a>, \n\t<a href=\"?fwp_themen=geologie-et-geomorphologie-taxfr\">G\u00e9ologie et G\u00e9omorphologie<\/a>, \n\t<a href=\"?fwp_themen=hydrologie-et-glaciologie-taxfr\">Hydrologie et Glaciologie<\/a>, \n\t<a href=\"?fwp_themen=relations-entre-lhomme-et-lenvironnement-taxfr\">Relations entre l\u2019homme et l\u2019environnement<\/a>, \n\t<a href=\"?fwp_themen=risques-climatiques-et-dangers-naturels-taxfr\">Risques climatiques et dangers naturels<\/a><\/p>\n<!-- Ende GIESSFORM ACF Themen anzeigen -->\n\t\t\t\t\n<!-- GIESSFORM ACF Karteninfos anzeigen -->\n\t\t\t\t<p class=\"card_infos\">1:50000<br \/><\/p>\n<!-- Ende GIESSFORM ACF Karteninfos anzeigen -->\n<!-- GIESSFORM Download Monitor Shortcode display with ACF -->\n <!-- -->\n<!-- Ende GIESSFORM Download Monitor Shortcode display with ACF -->\n\t\t\t\t<footer class=\"card__footer\">\n\t\t\t\t\t\t\t\t\t\t\t<ul class=\"card__tags\">\n\t\t\t\t\t\t\t\t\t\t\t\t\t<\/ul><!-- .card__tags -->\n\t\t\t\t\t\t\t\t\t<\/footer>\n\t\t\t<\/div><!-- .card__content -->\n\t\t<\/a>\n\t<\/article><!-- .card.card-listing -->\n<\/div><!-- .grid__item -->\n\n<div class=\"grid__item\">\n\t<article class=\"card  card--listing\" itemscope itemtype=\"http:\/\/schema.org\/LocalBusiness\"\n\t         data-latitude=\"\"\n\t         data-longitude=\"\"\n\t         data-img=\"https:\/\/www.schweizerweltatlas.ch\/swaweb\/wp-content\/uploads\/032_1_h_fr-450x127.jpg\"\n\t         data-permalink=\"https:\/\/www.schweizerweltatlas.ch\/fr\/listings\/0321\/\"\n\t         data-categories=\"Mat\u00e9riels suppl\u00e9mentaires, Mat\u00e9riels p\u00e9dagogiques suppl.\"\n\t\t data-icon=\"\" >\n\t\t<a href=\"https:\/\/www.schweizerweltatlas.ch\/fr\/listings\/0321\/\">\n\t\t\t<aside class=\"card__image\"\n\t\t\t       style=\"background-image: url(https:\/\/www.schweizerweltatlas.ch\/swaweb\/wp-content\/uploads\/032_1_h_fr-450x127.jpg);\">\n\t\t\t\t\n\t\t\t\t\n\t\t\t\t\n\t\t\t<\/aside><!-- .card__image -->\n\t\t\t<div class=\"card__content\">\n<!-- GIESSFORM ACF Region anzeigen -->\n<p class=\"card_regionen\"><a href=\"?fwp_regionen=suisse-taxfr\">Suisse<\/a><br><a href=\"?fwp_regionen=suisse-vue-densemble-taxfr\">Suisse \u2013 Vue d'ensemble<\/a><br><\/p>\n<!-- Ende GIESSFORM ACF Themen anzeigen -->\n<!-- GIESSFORM ACF Kartennummer anzeigen -->\n                \t\t\t\t<p class=\"card_kartennummer\">32.1<\/p>\n<!-- Ende GIESSFORM ACF Kartennummer anzeigen -->\n\t\t\t\t<a href=\"https:\/\/www.schweizerweltatlas.ch\/fr\/listings\/0321\/\"><h2 class=\"card__title\" itemprop=\"name\">Situations m\u00e9t\u00e9orologiques typiques \u2013 Vents d'ouest<\/h2><\/a>\n\t\t\t\t<!-- <div class=\"card__tagline\" itemprop=\"description\"><\/div> -->\n<!-- GIESSFORM ACF Themen anzeigen -->\n<p class=\"card_themen\"><a href=\"?fwp_themen=meteorologie-et-climatologie-taxfr\">M\u00e9t\u00e9orologie et Climatologie<\/a><\/p>\n<!-- Ende GIESSFORM ACF Themen anzeigen -->\n\t\t\t\t\n<!-- GIESSFORM ACF Karteninfos anzeigen -->\n\t\t\t\t<p class=\"card_infos\">1:30000000<br \/><\/p>\n<!-- Ende GIESSFORM ACF Karteninfos anzeigen -->\n<!-- GIESSFORM Download Monitor Shortcode display with ACF -->\n <!-- -->\n<!-- Ende GIESSFORM Download Monitor Shortcode display with ACF -->\n\t\t\t\t<footer class=\"card__footer\">\n\t\t\t\t\t\t\t\t\t\t\t<ul class=\"card__tags\">\n\t\t\t\t\t\t\t\t\t\t\t\t\t<\/ul><!-- .card__tags -->\n\t\t\t\t\t\t\t\t\t<\/footer>\n\t\t\t<\/div><!-- .card__content -->\n\t\t<\/a>\n\t<\/article><!-- .card.card-listing -->\n<\/div><!-- .grid__item -->\n\n<\/div><\/div>[\/vc_column_text][\/vc_column][\/vc_row][vc_row][vc_column][vc_column_text]<\/p>\n<p>[\/vc_column_text][\/vc_column][\/vc_row]<\/p>\n<\/div>","protected":false},"excerpt":{"rendered":"<p>[vc_row][vc_column][vc_empty_space height=\u00a0\u00bb20px\u00a0\u00bb][vc_tta_accordion style=\u00a0\u00bbmodern\u00a0\u00bb shape=\u00a0\u00bbsquare\u00a0\u00bb color=\u00a0\u00bbwhite\u00a0\u00bb c_icon=\u00a0\u00bbtriangle\u00a0\u00bb active_section=\u00a0\u00bb1&Prime; collapsible_all=\u00a0\u00bbtrue\u00a0\u00bb el_class=\u00a0\u00bbsearch_hidden\u00a0\u00bb][vc_tta_section tab_id=\u00a0\u00bb1517924243534-c11e6f12-1c56&Prime; title=\u00a0\u00bbRecherche\u00a0\u00bb][vc_column_text] R\u00c9INITIALISER [\/vc_column_text][\/vc_tta_section][vc_tta_section title=\u00a0\u00bbRecherche avanc\u00e9e\u00a0\u00bb tab_id=\u00a0\u00bb1517924243563-77243ee9-f0f9&Prime;][vc_icon icon_fontawesome=\u00a0\u00bbfas fa-question-circle\u00a0\u00bb color=\u00a0\u00bbcustom\u00a0\u00bb size=\u00a0\u00bbxs\u00a0\u00bb align=\u00a0\u00bbright\u00a0\u00bb css_animation=\u00a0\u00bbfadeInDown\u00a0\u00bb custom_color=\u00a0\u00bb#da291c\u00a0\u00bb link=\u00a0\u00bburl:https%3A%2F%2Fwww.schweizerweltatlas.ch%2Ffr%2Faide_recherche%2F|title:Aide\u00a0\u00bb][vc_column_text] [\/vc_column_text][\/vc_tta_section][\/vc_tta_accordion][vc_column_text][\/vc_column_text][\/vc_column][\/vc_row][vc_row][vc_column][vc_column_text] [\/vc_column_text][\/vc_column][\/vc_row]<\/p>\n","protected":false},"author":7,"featured_media":0,"parent":0,"menu_order":0,"comment_status":"closed","ping_status":"closed","template":"page-templates\/full_width_no_title.php","meta":{"_acf_changed":false,"footnotes":""},"class_list":["post-23491","page","type-page","status-publish","hentry"],"acf":[],"_links":{"self":[{"href":"https:\/\/www.schweizerweltatlas.ch\/fr\/wp-json\/wp\/v2\/pages\/23491","targetHints":{"allow":["GET"]}}],"collection":[{"href":"https:\/\/www.schweizerweltatlas.ch\/fr\/wp-json\/wp\/v2\/pages"}],"about":[{"href":"https:\/\/www.schweizerweltatlas.ch\/fr\/wp-json\/wp\/v2\/types\/page"}],"author":[{"embeddable":true,"href":"https:\/\/www.schweizerweltatlas.ch\/fr\/wp-json\/wp\/v2\/users\/7"}],"replies":[{"embeddable":true,"href":"https:\/\/www.schweizerweltatlas.ch\/fr\/wp-json\/wp\/v2\/comments?post=23491"}],"version-history":[{"count":10,"href":"https:\/\/www.schweizerweltatlas.ch\/fr\/wp-json\/wp\/v2\/pages\/23491\/revisions"}],"predecessor-version":[{"id":23750,"href":"https:\/\/www.schweizerweltatlas.ch\/fr\/wp-json\/wp\/v2\/pages\/23491\/revisions\/23750"}],"wp:attachment":[{"href":"https:\/\/www.schweizerweltatlas.ch\/fr\/wp-json\/wp\/v2\/media?parent=23491"}],"curies":[{"name":"wp","href":"https:\/\/api.w.org\/{rel}","templated":true}]}}