{"id":23460,"date":"2020-10-06T16:22:58","date_gmt":"2020-10-06T14:22:58","guid":{"rendered":"https:\/\/www.schweizerweltatlas.ch\/?page_id=23460"},"modified":"2020-10-22T16:49:53","modified_gmt":"2020-10-22T14:49:53","slug":"vueenliste","status":"publish","type":"page","link":"https:\/\/www.schweizerweltatlas.ch\/fr\/vueenliste\/","title":{"rendered":"Vue en liste"},"content":{"rendered":"<div class=\"wpb-content-wrapper\"><p>[vc_row][vc_column][vc_empty_space height=\u00a0\u00bb20px\u00a0\u00bb][vc_tta_accordion style=\u00a0\u00bbmodern\u00a0\u00bb shape=\u00a0\u00bbsquare\u00a0\u00bb color=\u00a0\u00bbwhite\u00a0\u00bb c_icon=\u00a0\u00bbtriangle\u00a0\u00bb active_section=\u00a0\u00bb1&Prime; collapsible_all=\u00a0\u00bbtrue\u00a0\u00bb el_class=\u00a0\u00bbsearch_hidden\u00a0\u00bb][vc_tta_section tab_id=\u00a0\u00bb1517924243534-c11e6f12-1c56&Prime; title=\u00a0\u00bbRecherche\u00a0\u00bb][vc_column_text]<\/p>\n<div class=\"job_filters\">\n<div class=\"search_jobs\">\n<table style=\"width: 100%; border: none;\">\n<tbody>\n<tr>\n<th style=\"width: 100%;\"><div class=\"facetwp-facet facetwp-facet-suche facetwp-type-search\" data-name=\"suche\" data-type=\"search\"><\/div><\/th>\n<th style=\"text-align: right; vertical-align: middle;\">\n<h6><a href=\"\/?page_id=21147\">R\u00c9INITIALISER<\/a><\/h6>\n<\/th>\n<\/tr>\n<\/tbody>\n<\/table>\n<\/div>\n<\/div>\n<p>[\/vc_column_text][\/vc_tta_section][vc_tta_section title=\u00a0\u00bbRecherche avanc\u00e9e\u00a0\u00bb tab_id=\u00a0\u00bb1517924243563-77243ee9-f0f9&Prime;][vc_icon icon_fontawesome=\u00a0\u00bbfas fa-question-circle\u00a0\u00bb color=\u00a0\u00bbcustom\u00a0\u00bb size=\u00a0\u00bbxs\u00a0\u00bb align=\u00a0\u00bbright\u00a0\u00bb css_animation=\u00a0\u00bbfadeInDown\u00a0\u00bb custom_color=\u00a0\u00bb#da291c\u00a0\u00bb link=\u00a0\u00bburl:https%3A%2F%2Fwww.schweizerweltatlas.ch%2Ffr%2Faide_recherche%2F|title:Aide\u00a0\u00bb][vc_column_text]<\/p>\n<div class=\"job_filters\">\n<div class=\"search_jobs\"><div class=\"facetwp-facet facetwp-facet-kartentitel facetwp-type-autocomplete\" data-name=\"kartentitel\" data-type=\"autocomplete\"><\/div><div class=\"facetwp-facet facetwp-facet-kartennummer facetwp-type-autocomplete\" data-name=\"kartennummer\" data-type=\"autocomplete\"><\/div><div class=\"facetwp-facet facetwp-facet-regionen facetwp-type-dropdown\" data-name=\"regionen\" data-type=\"dropdown\"><\/div><div class=\"facetwp-facet facetwp-facet-massstab facetwp-type-slider\" data-name=\"massstab\" data-type=\"slider\"><\/div><div class=\"facetwp-facet facetwp-facet-themen facetwp-type-dropdown\" data-name=\"themen\" data-type=\"dropdown\"><\/div><div class=\"facetwp-facet facetwp-facet-geografischer_name facetwp-type-autocomplete\" data-name=\"geografischer_name\" data-type=\"autocomplete\"><\/div><!--?php echo category_description(38793); ?--><div class=\"facetwp-facet facetwp-facet-stichwort facetwp-type-autocomplete\" data-name=\"stichwort\" data-type=\"autocomplete\"><\/div><div class=\"facetwp-facet facetwp-facet-mapload_fr facetwp-type-radio\" data-name=\"mapload_fr\" data-type=\"radio\"><\/div><div class=\"facetwp-facet facetwp-facet-bewertung facetwp-type-rating\" data-name=\"bewertung\" data-type=\"rating\"><\/div><div class=\"facetwp-facet facetwp-facet-material facetwp-type-checkboxes\" data-name=\"material\" data-type=\"checkboxes\"><\/div><\/div>\n<\/div>\n<p>[\/vc_column_text][\/vc_tta_section][\/vc_tta_accordion][vc_empty_space height=\u00a0\u00bb1px\u00a0\u00bb][vc_column_text]<div class=\"facetwp-template\" data-name=\"listenansicht\"><table>\n<tr>\n<td class=\"card_image\"><a href=\"https:\/\/www.schweizerweltatlas.ch\/fr\/listings\/0010\/\"><aside class=\"card__image\"\n\t\t\t       style=\"background-image: url(https:\/\/www.schweizerweltatlas.ch\/swaweb\/wp-content\/uploads\/010_1_h_fr-450x127.jpg);\">\n<\/td>\n\n<td width=\"10px\">\n<\/td>\n\n<td>\n<a href=\"?fwp_regionen=geoinformation-taxfr\">G\u00e9oinformation<\/a> I <a href=\"?fwp_regionen=introduction-taxfr\">Introduction<\/a> I \n<a href=\"https:\/\/www.schweizerweltatlas.ch\/fr\/listings\/0010\/\"><p class=\"kartentitel\"><font color=\"da291c\">G\u00e9oinformation<\/font><\/p><\/a>\n\n\n\n\n\n\n\n<a href=\"\/vueenliste\/?fwp_material=lien-externe\">Liens externes<\/a>\n\n<\/td>\n<\/tr>\n<\/table>\n<table>\n<tr>\n<td class=\"card_image\"><a href=\"https:\/\/www.schweizerweltatlas.ch\/fr\/listings\/0012\/\"><aside class=\"card__image\"\n\t\t\t       style=\"background-image: url(https:\/\/www.schweizerweltatlas.ch\/swaweb\/wp-content\/uploads\/012_1_h_fr-450x127.jpg);\">\n<\/td>\n\n<td width=\"10px\">\n<\/td>\n\n<td>\n<a href=\"?fwp_regionen=introduction-taxfr\">Introduction<\/a> I <a href=\"?fwp_regionen=projections-cartographiques-taxfr\">Projections cartographiques<\/a> I \n<a href=\"https:\/\/www.schweizerweltatlas.ch\/fr\/listings\/0012\/\"><p class=\"kartentitel\"><font color=\"da291c\">Projections cartographiques<\/font><\/p><\/a>\n\n\n\n\n<a href=\"\/vueenliste\/?fwp_material=outil-interactif\"><font color=\"da291c\">Outil interactif<\/font><\/a> I\n\n\n\n<a href=\"\/vueenliste\/?fwp_material=lien-externe\">Liens externes<\/a>\n\n<\/td>\n<\/tr>\n<\/table>\n<table>\n<tr>\n<td class=\"card_image\"><a href=\"https:\/\/www.schweizerweltatlas.ch\/fr\/listings\/0014\/\"><aside class=\"card__image\"\n\t\t\t       style=\"background-image: url(https:\/\/www.schweizerweltatlas.ch\/swaweb\/wp-content\/uploads\/014_1_h_fr-450x127.jpg);\">\n<\/td>\n\n<td width=\"10px\">\n<\/td>\n\n<td>\n<a href=\"?fwp_regionen=introduction-taxfr\">Introduction<\/a> I <a href=\"?fwp_regionen=realite-et-carte-taxfr\">R\u00e9alit\u00e9 et carte<\/a> I \n<a href=\"https:\/\/www.schweizerweltatlas.ch\/fr\/listings\/0014\/\"><p class=\"kartentitel\"><font color=\"da291c\">R\u00e9alit\u00e9 et carte<\/font><\/p><\/a>\n\n\n\n\n\n\n\n<a href=\"\/vueenliste\/?fwp_material=lien-externe\">Liens externes<\/a>\n\n<\/td>\n<\/tr>\n<\/table>\n<table>\n<tr>\n<td class=\"card_image\"><a href=\"https:\/\/www.schweizerweltatlas.ch\/fr\/listings\/0015\/\"><aside class=\"card__image\"\n\t\t\t       style=\"background-image: url(https:\/\/www.schweizerweltatlas.ch\/swaweb\/wp-content\/uploads\/015_1_h_fr-450x127.jpg);\">\n<\/td>\n\n<td width=\"10px\">\n<\/td>\n\n<td>\n<a href=\"?fwp_regionen=introduction-taxfr\">Introduction<\/a> I <a href=\"?fwp_regionen=legende-et-organisation-taxfr\">L\u00e9gende et organisation<\/a> I \n<a href=\"https:\/\/www.schweizerweltatlas.ch\/fr\/listings\/0015\/\"><p class=\"kartentitel\"><font color=\"da291c\">L\u00e9gende et organisation<\/font><\/p><\/a>\n\n\n\n\n\n\n\n\n<\/td>\n<\/tr>\n<\/table>\n<table>\n<tr>\n<td class=\"card_image\"><a href=\"https:\/\/www.schweizerweltatlas.ch\/fr\/listings\/0016\/\"><aside class=\"card__image\"\n\t\t\t       style=\"background-image: url(https:\/\/www.schweizerweltatlas.ch\/swaweb\/wp-content\/uploads\/016_1_h_fr-450x127.jpg);\">\n<\/td>\n\n<td width=\"10px\">\n<\/td>\n\n<td>\n<a href=\"?fwp_regionen=echelle-et-generalisation-taxfr\">\u00c9chelle et g\u00e9n\u00e9ralisation<\/a> I <a href=\"?fwp_regionen=introduction-taxfr\">Introduction<\/a> I \n<a href=\"https:\/\/www.schweizerweltatlas.ch\/fr\/listings\/0016\/\"><p class=\"kartentitel\"><font color=\"da291c\">\u00c9chelle et g\u00e9n\u00e9ralisation<\/font><\/p><\/a>\n\n\n\n\n\n\n\n\n<\/td>\n<\/tr>\n<\/table>\n<table>\n<tr>\n<td class=\"card_image\"><a href=\"https:\/\/www.schweizerweltatlas.ch\/fr\/listings\/0017\/\"><aside class=\"card__image\"\n\t\t\t       style=\"background-image: url(https:\/\/www.schweizerweltatlas.ch\/swaweb\/wp-content\/uploads\/017_1_h_fr-450x127.jpg);\">\n<\/td>\n\n<td width=\"10px\">\n<\/td>\n\n<td>\n<a href=\"?fwp_regionen=composition-et-structure-des-cartes-taxfr\">Composition et structure des cartes<\/a> I <a href=\"?fwp_regionen=introduction-taxfr\">Introduction<\/a> I \n<a href=\"https:\/\/www.schweizerweltatlas.ch\/fr\/listings\/0017\/\"><p class=\"kartentitel\"><font color=\"da291c\">Composition et structure des cartes<\/font><\/p><\/a>\n\n\n\n\n\n\n<a href=\"\/vueenliste\/?fwp_material=materiels-pedagogiques-supplementaires\">Mat\u00e9riels p\u00e9dagogiques suppl\u00e9mentaires<\/a> I\n\n\n<\/td>\n<\/tr>\n<\/table>\n<table>\n<tr>\n<td class=\"card_image\"><a href=\"https:\/\/www.schweizerweltatlas.ch\/fr\/listings\/0018\/\"><aside class=\"card__image\"\n\t\t\t       style=\"background-image: url(https:\/\/www.schweizerweltatlas.ch\/swaweb\/wp-content\/uploads\/018_1_h_fr-450x127.jpg);\">\n<\/td>\n\n<td width=\"10px\">\n<\/td>\n\n<td>\n<a href=\"?fwp_regionen=introduction-taxfr\">Introduction<\/a> I <a href=\"?fwp_regionen=types-de-carte-et-formes-de-visualisation-taxfr\">Types de carte et formes de visualisation<\/a> I \n<a href=\"https:\/\/www.schweizerweltatlas.ch\/fr\/listings\/0018\/\"><p class=\"kartentitel\"><font color=\"da291c\">Types de carte et formes de visualisation<\/font><\/p><\/a>\n\n\n\n\n\n\n\n\n<\/td>\n<\/tr>\n<\/table>\n<table>\n<tr>\n<td class=\"card_image\"><a href=\"https:\/\/www.schweizerweltatlas.ch\/fr\/listings\/0020\/\"><aside class=\"card__image\"\n\t\t\t       style=\"background-image: url(https:\/\/www.schweizerweltatlas.ch\/swaweb\/wp-content\/uploads\/020_1_h_fr-450x127.jpg);\">\n<\/td>\n\n<td width=\"10px\">\n<\/td>\n\n<td>\n<a href=\"?fwp_regionen=cartes-nationales-taxfr\">Cartes nationales<\/a> I <a href=\"?fwp_regionen=introduction-taxfr\">Introduction<\/a> I \n<a href=\"https:\/\/www.schweizerweltatlas.ch\/fr\/listings\/0020\/\"><p class=\"kartentitel\"><font color=\"da291c\">Cartes nationales<\/font><\/p><\/a>\n\n\n\n\n\n\n<a href=\"\/vueenliste\/?fwp_material=materiels-pedagogiques-supplementaires\">Mat\u00e9riels p\u00e9dagogiques suppl\u00e9mentaires<\/a> I\n\n<a href=\"\/vueenliste\/?fwp_material=lien-externe\">Liens externes<\/a>\n\n<\/td>\n<\/tr>\n<\/table>\n<table>\n<tr>\n<td class=\"card_image\"><a href=\"https:\/\/www.schweizerweltatlas.ch\/fr\/listings\/0022\/\"><aside class=\"card__image\"\n\t\t\t       style=\"background-image: url(https:\/\/www.schweizerweltatlas.ch\/swaweb\/wp-content\/uploads\/022_1_h_fr-450x127.jpg);\">\n<\/td>\n\n<td width=\"10px\">\n<\/td>\n\n<td>\n<a href=\"?fwp_regionen=competences-cartographiques-et-maniement-des-cartes-taxfr\">Comp\u00e9tences cartographiques et maniement des cartes<\/a> I <a href=\"?fwp_regionen=introduction-taxfr\">Introduction<\/a> I \n<a href=\"https:\/\/www.schweizerweltatlas.ch\/fr\/listings\/0022\/\"><p class=\"kartentitel\"><font color=\"da291c\">Comp\u00e9tences cartographiques et maniement des cartes<\/font><\/p><\/a>\n\n\n\n\n\n\n<a href=\"\/vueenliste\/?fwp_material=materiels-pedagogiques-supplementaires\">Mat\u00e9riels p\u00e9dagogiques suppl\u00e9mentaires<\/a> I\n\n<a href=\"\/vueenliste\/?fwp_material=lien-externe\">Liens externes<\/a>\n\n<\/td>\n<\/tr>\n<\/table>\n<table>\n<tr>\n<td class=\"card_image\"><a href=\"https:\/\/www.schweizerweltatlas.ch\/fr\/listings\/0241\/\"><aside class=\"card__image\"\n\t\t\t       style=\"background-image: url(https:\/\/www.schweizerweltatlas.ch\/swaweb\/wp-content\/uploads\/024_1_h_fr-450x127.jpg);\">\n<\/td>\n\n<td width=\"10px\">\n<\/td>\n\n<td>\n<a href=\"?fwp_regionen=suisse-taxfr\">Suisse<\/a> I <a href=\"?fwp_regionen=suisse-vue-densemble-taxfr\">Suisse \u2013 Vue d'ensemble<\/a> I 24.1\n<a href=\"https:\/\/www.schweizerweltatlas.ch\/fr\/listings\/0241\/\"><p class=\"kartentitel\"><font color=\"da291c\">Carte g\u00e9n\u00e9rale<\/font><\/p><\/a>\n\n<a href=\"\/vueenliste\/?fwp_material=carte-vierge\">Carte vierge<\/a> I\n\n<a href=\"\/vueenliste\/?fwp_material=commentaire\">Commentaire<\/a> I\n\n\n\n\n<a href=\"\/vueenliste\/?fwp_material=materiels-pedagogiques-supplementaires\">Mat\u00e9riels p\u00e9dagogiques suppl\u00e9mentaires<\/a> I\n\n\n<\/td>\n<\/tr>\n<\/table>\n<table>\n<tr>\n<td class=\"card_image\"><a href=\"https:\/\/www.schweizerweltatlas.ch\/fr\/listings\/0261\/\"><aside class=\"card__image\"\n\t\t\t       style=\"background-image: url(https:\/\/www.schweizerweltatlas.ch\/swaweb\/wp-content\/uploads\/026_1_h_fr-450x127.jpg);\">\n<\/td>\n\n<td width=\"10px\">\n<\/td>\n\n<td>\n<a href=\"?fwp_regionen=suisse-taxfr\">Suisse<\/a> I <a href=\"?fwp_regionen=suisse-vue-densemble-taxfr\">Suisse \u2013 Vue d'ensemble<\/a> I 26.1\n<a href=\"https:\/\/www.schweizerweltatlas.ch\/fr\/listings\/0261\/\"><p class=\"kartentitel\"><font color=\"da291c\">G\u00e9ologie<\/font><\/p><\/a>\n\n<a href=\"\/vueenliste\/?fwp_material=carte-vierge\">Carte vierge<\/a> I\n\n\n\n\n\n\n\n<\/td>\n<\/tr>\n<\/table>\n<table>\n<tr>\n<td class=\"card_image\"><a href=\"https:\/\/www.schweizerweltatlas.ch\/fr\/listings\/0262\/\"><aside class=\"card__image\"\n\t\t\t       style=\"background-image: url(https:\/\/www.schweizerweltatlas.ch\/swaweb\/wp-content\/uploads\/026_2_h_fr-450x127.jpg);\">\n<\/td>\n\n<td width=\"10px\">\n<\/td>\n\n<td>\n<a href=\"?fwp_regionen=suisse-taxfr\">Suisse<\/a> I <a href=\"?fwp_regionen=suisse-vue-densemble-taxfr\">Suisse \u2013 Vue d'ensemble<\/a> I 26.2\n<a href=\"https:\/\/www.schweizerweltatlas.ch\/fr\/listings\/0262\/\"><p class=\"kartentitel\"><font color=\"da291c\">Roches<\/font><\/p><\/a>\n\n<a href=\"\/vueenliste\/?fwp_material=carte-vierge\">Carte vierge<\/a> I\n\n\n\n\n\n\n\n<\/td>\n<\/tr>\n<\/table>\n<table>\n<tr>\n<td class=\"card_image\"><a href=\"https:\/\/www.schweizerweltatlas.ch\/fr\/listings\/0271\/\"><aside class=\"card__image\"\n\t\t\t       style=\"background-image: url(https:\/\/www.schweizerweltatlas.ch\/swaweb\/wp-content\/uploads\/027_1_h_fr-450x127.jpg);\">\n<\/td>\n\n<td width=\"10px\">\n<\/td>\n\n<td>\n<a href=\"?fwp_regionen=suisse-taxfr\">Suisse<\/a> I <a href=\"?fwp_regionen=suisse-vue-densemble-taxfr\">Suisse \u2013 Vue d'ensemble<\/a> I 27.1\n<a href=\"https:\/\/www.schweizerweltatlas.ch\/fr\/listings\/0271\/\"><p class=\"kartentitel\"><font color=\"da291c\">Tectonique<\/font><\/p><\/a>\n\n<a href=\"\/vueenliste\/?fwp_material=carte-vierge\">Carte vierge<\/a> I\n\n\n\n\n\n\n\n<\/td>\n<\/tr>\n<\/table>\n<table>\n<tr>\n<td class=\"card_image\"><a href=\"https:\/\/www.schweizerweltatlas.ch\/fr\/listings\/0272\/\"><aside class=\"card__image\"\n\t\t\t       style=\"background-image: url(https:\/\/www.schweizerweltatlas.ch\/swaweb\/wp-content\/uploads\/027_2_h_fr-450x127.jpg);\">\n<\/td>\n\n<td width=\"10px\">\n<\/td>\n\n<td>\n<a href=\"?fwp_regionen=suisse-taxfr\">Suisse<\/a> I <a href=\"?fwp_regionen=suisse-vue-densemble-taxfr\">Suisse \u2013 Vue d'ensemble<\/a> I 27.2\n<a href=\"https:\/\/www.schweizerweltatlas.ch\/fr\/listings\/0272\/\"><p class=\"kartentitel\"><font color=\"da291c\">Profil tectonique de la Suisse occidentale<\/font><\/p><\/a>\n\n\n\n\n\n\n\n\n<\/td>\n<\/tr>\n<\/table>\n<table>\n<tr>\n<td class=\"card_image\"><a href=\"https:\/\/www.schweizerweltatlas.ch\/fr\/listings\/0273\/\"><aside class=\"card__image\"\n\t\t\t       style=\"background-image: url(https:\/\/www.schweizerweltatlas.ch\/swaweb\/wp-content\/uploads\/027_3_h_fr-450x127.jpg);\">\n<\/td>\n\n<td width=\"10px\">\n<\/td>\n\n<td>\n<a href=\"?fwp_regionen=suisse-taxfr\">Suisse<\/a> I <a href=\"?fwp_regionen=suisse-vue-densemble-taxfr\">Suisse \u2013 Vue d'ensemble<\/a> I 27.3\n<a href=\"https:\/\/www.schweizerweltatlas.ch\/fr\/listings\/0273\/\"><p class=\"kartentitel\"><font color=\"da291c\">Profil tectonique de la For\u00eat Noire au Lac Majeur<\/font><\/p><\/a>\n\n\n\n\n\n\n\n\n<\/td>\n<\/tr>\n<\/table>\n<table>\n<tr>\n<td class=\"card_image\"><a href=\"https:\/\/www.schweizerweltatlas.ch\/fr\/listings\/0274\/\"><aside class=\"card__image\"\n\t\t\t       style=\"background-image: url(https:\/\/www.schweizerweltatlas.ch\/swaweb\/wp-content\/uploads\/027_4_h_fr-450x127.jpg);\">\n<\/td>\n\n<td width=\"10px\">\n<\/td>\n\n<td>\n<a href=\"?fwp_regionen=suisse-taxfr\">Suisse<\/a> I <a href=\"?fwp_regionen=suisse-vue-densemble-taxfr\">Suisse \u2013 Vue d'ensemble<\/a> I 27.4\n<a href=\"https:\/\/www.schweizerweltatlas.ch\/fr\/listings\/0274\/\"><p class=\"kartentitel\"><font color=\"da291c\">Profil tectonique de la Suisse orientale<\/font><\/p><\/a>\n\n\n\n\n\n\n\n\n<\/td>\n<\/tr>\n<\/table>\n<table>\n<tr>\n<td class=\"card_image\"><a href=\"https:\/\/www.schweizerweltatlas.ch\/fr\/listings\/0281\/\"><aside class=\"card__image\"\n\t\t\t       style=\"background-image: url(https:\/\/www.schweizerweltatlas.ch\/swaweb\/wp-content\/uploads\/028_1_h_fr-450x127.jpg);\">\n<\/td>\n\n<td width=\"10px\">\n<\/td>\n\n<td>\n<a href=\"?fwp_regionen=suisse-taxfr\">Suisse<\/a> I <a href=\"?fwp_regionen=suisse-vue-densemble-taxfr\">Suisse \u2013 Vue d'ensemble<\/a> I 28.1\n<a href=\"https:\/\/www.schweizerweltatlas.ch\/fr\/listings\/0281\/\"><p class=\"kartentitel\"><font color=\"da291c\">Temp\u00e9ratures moyennes en janvier<\/font><\/p><\/a>\n\n<a href=\"\/vueenliste\/?fwp_material=carte-vierge\">Carte vierge<\/a> I\n\n<a href=\"\/vueenliste\/?fwp_material=commentaire\">Commentaire<\/a> I\n\n\n<a href=\"\/vueenliste\/?fwp_material=outil-interactif\"><font color=\"da291c\">Outil interactif<\/font><\/a> I\n\n\n\n\n<\/td>\n<\/tr>\n<\/table>\n<table>\n<tr>\n<td class=\"card_image\"><a href=\"https:\/\/www.schweizerweltatlas.ch\/fr\/listings\/0282\/\"><aside class=\"card__image\"\n\t\t\t       style=\"background-image: url(https:\/\/www.schweizerweltatlas.ch\/swaweb\/wp-content\/uploads\/028_2_h_fr-450x127.jpg);\">\n<\/td>\n\n<td width=\"10px\">\n<\/td>\n\n<td>\n<a href=\"?fwp_regionen=suisse-taxfr\">Suisse<\/a> I <a href=\"?fwp_regionen=suisse-vue-densemble-taxfr\">Suisse \u2013 Vue d'ensemble<\/a> I 28.2\n<a href=\"https:\/\/www.schweizerweltatlas.ch\/fr\/listings\/0282\/\"><p class=\"kartentitel\"><font color=\"da291c\">Temp\u00e9ratures moyennes en juillet<\/font><\/p><\/a>\n\n<a href=\"\/vueenliste\/?fwp_material=carte-vierge\">Carte vierge<\/a> I\n\n<a href=\"\/vueenliste\/?fwp_material=commentaire\">Commentaire<\/a> I\n\n\n<a href=\"\/vueenliste\/?fwp_material=outil-interactif\"><font color=\"da291c\">Outil interactif<\/font><\/a> I\n\n\n\n\n<\/td>\n<\/tr>\n<\/table>\n<table>\n<tr>\n<td class=\"card_image\"><a href=\"https:\/\/www.schweizerweltatlas.ch\/fr\/listings\/0291\/\"><aside class=\"card__image\"\n\t\t\t       style=\"background-image: url(https:\/\/www.schweizerweltatlas.ch\/swaweb\/wp-content\/uploads\/029_1_h_fr-450x127.jpg);\">\n<\/td>\n\n<td width=\"10px\">\n<\/td>\n\n<td>\n<a href=\"?fwp_regionen=suisse-taxfr\">Suisse<\/a> I <a href=\"?fwp_regionen=suisse-vue-densemble-taxfr\">Suisse \u2013 Vue d'ensemble<\/a> I 29.1\n<a href=\"https:\/\/www.schweizerweltatlas.ch\/fr\/listings\/0291\/\"><p class=\"kartentitel\"><font color=\"da291c\">Pr\u00e9cipitations annuelles moyennes<\/font><\/p><\/a>\n\n<a href=\"\/vueenliste\/?fwp_material=carte-vierge\">Carte vierge<\/a> I\n\n<a href=\"\/vueenliste\/?fwp_material=commentaire\">Commentaire<\/a> I\n\n\n<a href=\"\/vueenliste\/?fwp_material=outil-interactif\"><font color=\"da291c\">Outil interactif<\/font><\/a> I\n\n\n\n\n<\/td>\n<\/tr>\n<\/table>\n<table>\n<tr>\n<td class=\"card_image\"><a href=\"https:\/\/www.schweizerweltatlas.ch\/fr\/listings\/0292\/\"><aside class=\"card__image\"\n\t\t\t       style=\"background-image: url(https:\/\/www.schweizerweltatlas.ch\/swaweb\/wp-content\/uploads\/029_2_h_fr-450x127.jpg);\">\n<\/td>\n\n<td width=\"10px\">\n<\/td>\n\n<td>\n<a href=\"?fwp_regionen=suisse-taxfr\">Suisse<\/a> I <a href=\"?fwp_regionen=suisse-vue-densemble-taxfr\">Suisse \u2013 Vue d'ensemble<\/a> I 29.2\n<a href=\"https:\/\/www.schweizerweltatlas.ch\/fr\/listings\/0292\/\"><p class=\"kartentitel\"><font color=\"da291c\">Diagrammes climatiques<\/font><\/p><\/a>\n\n\n<a href=\"\/vueenliste\/?fwp_material=commentaire\">Commentaire<\/a> I\n\n\n<a href=\"\/vueenliste\/?fwp_material=outil-interactif\"><font color=\"da291c\">Outil interactif<\/font><\/a> I\n\n\n<a href=\"\/vueenliste\/?fwp_material=materiels-pedagogiques-supplementaires\">Mat\u00e9riels p\u00e9dagogiques suppl\u00e9mentaires<\/a> I\n\n\n<\/td>\n<\/tr>\n<\/table>\n<table>\n<tr>\n<td class=\"card_image\"><a href=\"https:\/\/www.schweizerweltatlas.ch\/fr\/listings\/0301\/\"><aside class=\"card__image\"\n\t\t\t       style=\"background-image: url(https:\/\/www.schweizerweltatlas.ch\/swaweb\/wp-content\/uploads\/030_1_h_fr-450x127.jpg);\">\n<\/td>\n\n<td width=\"10px\">\n<\/td>\n\n<td>\n<a href=\"?fwp_regionen=suisse-taxfr\">Suisse<\/a> I <a href=\"?fwp_regionen=suisse-vue-densemble-taxfr\">Suisse \u2013 Vue d'ensemble<\/a> I 30.1\n<a href=\"https:\/\/www.schweizerweltatlas.ch\/fr\/listings\/0301\/\"><p class=\"kartentitel\"><font color=\"da291c\">Glaciations \u2013 Extensions maximales du Riss et du W\u00fcrm<\/font><\/p><\/a>\n\n<a href=\"\/vueenliste\/?fwp_material=carte-vierge\">Carte vierge<\/a> I\n\n\n\n\n\n\n<a href=\"\/vueenliste\/?fwp_material=lien-externe\">Liens externes<\/a>\n\n<\/td>\n<\/tr>\n<\/table>\n<table>\n<tr>\n<td class=\"card_image\"><a href=\"https:\/\/www.schweizerweltatlas.ch\/fr\/listings\/0302\/\"><aside class=\"card__image\"\n\t\t\t       style=\"background-image: url(https:\/\/www.schweizerweltatlas.ch\/swaweb\/wp-content\/uploads\/030_2_h_fr-450x127.jpg);\">\n<\/td>\n\n<td width=\"10px\">\n<\/td>\n\n<td>\n<a href=\"?fwp_regionen=suisse-taxfr\">Suisse<\/a> I <a href=\"?fwp_regionen=suisse-vue-densemble-taxfr\">Suisse \u2013 Vue d'ensemble<\/a> I 30.2\n<a href=\"https:\/\/www.schweizerweltatlas.ch\/fr\/listings\/0302\/\"><p class=\"kartentitel\"><font color=\"da291c\">Glaciations \u2013 Stades d\u2019extension ou de retrait de la glaciation w\u00fcrmienne<\/font><\/p><\/a>\n\n<a href=\"\/vueenliste\/?fwp_material=carte-vierge\">Carte vierge<\/a> I\n\n\n\n\n\n\n\n<\/td>\n<\/tr>\n<\/table>\n<table>\n<tr>\n<td class=\"card_image\"><a href=\"https:\/\/www.schweizerweltatlas.ch\/fr\/listings\/0311\/\"><aside class=\"card__image\"\n\t\t\t       style=\"background-image: url(https:\/\/www.schweizerweltatlas.ch\/swaweb\/wp-content\/uploads\/031_1_h_fr-450x127.jpg);\">\n<\/td>\n\n<td width=\"10px\">\n<\/td>\n\n<td>\n<a href=\"?fwp_regionen=suisse-taxfr\">Suisse<\/a> I <a href=\"?fwp_regionen=suisse-vue-densemble-taxfr\">Suisse \u2013 Vue d'ensemble<\/a> I 31.1\n<a href=\"https:\/\/www.schweizerweltatlas.ch\/fr\/listings\/0311\/\"><p class=\"kartentitel\"><font color=\"da291c\">R\u00e9gion de la Bernina<\/font><\/p><\/a>\n\n\n\n\n\n\n\n<a href=\"\/vueenliste\/?fwp_material=lien-externe\">Liens externes<\/a>\n\n<\/td>\n<\/tr>\n<\/table>\n<table>\n<tr>\n<td class=\"card_image\"><a href=\"https:\/\/www.schweizerweltatlas.ch\/fr\/listings\/0321\/\"><aside class=\"card__image\"\n\t\t\t       style=\"background-image: url(https:\/\/www.schweizerweltatlas.ch\/swaweb\/wp-content\/uploads\/032_1_h_fr-450x127.jpg);\">\n<\/td>\n\n<td width=\"10px\">\n<\/td>\n\n<td>\n<a href=\"?fwp_regionen=suisse-taxfr\">Suisse<\/a> I <a href=\"?fwp_regionen=suisse-vue-densemble-taxfr\">Suisse \u2013 Vue d'ensemble<\/a> I 32.1\n<a href=\"https:\/\/www.schweizerweltatlas.ch\/fr\/listings\/0321\/\"><p class=\"kartentitel\"><font color=\"da291c\">Situations m\u00e9t\u00e9orologiques typiques \u2013 Vents d'ouest<\/font><\/p><\/a>\n\n\n\n\n\n\n<a href=\"\/vueenliste\/?fwp_material=materiels-pedagogiques-supplementaires\">Mat\u00e9riels p\u00e9dagogiques suppl\u00e9mentaires<\/a> I\n\n\n<\/td>\n<\/tr>\n<\/table>\n<table>\n<tr>\n<td class=\"card_image\"><a href=\"https:\/\/www.schweizerweltatlas.ch\/fr\/listings\/0322\/\"><aside class=\"card__image\"\n\t\t\t       style=\"background-image: url(https:\/\/www.schweizerweltatlas.ch\/swaweb\/wp-content\/uploads\/032_2_h_fr-450x127.jpg);\">\n<\/td>\n\n<td width=\"10px\">\n<\/td>\n\n<td>\n<a href=\"?fwp_regionen=suisse-taxfr\">Suisse<\/a> I <a href=\"?fwp_regionen=suisse-vue-densemble-taxfr\">Suisse \u2013 Vue d'ensemble<\/a> I 32.2\n<a href=\"https:\/\/www.schweizerweltatlas.ch\/fr\/listings\/0322\/\"><p class=\"kartentitel\"><font color=\"da291c\">Situations m\u00e9t\u00e9orologiques typiques \u2013 Bise<\/font><\/p><\/a>\n\n\n\n\n\n\n<a href=\"\/vueenliste\/?fwp_material=materiels-pedagogiques-supplementaires\">Mat\u00e9riels p\u00e9dagogiques suppl\u00e9mentaires<\/a> I\n\n\n<\/td>\n<\/tr>\n<\/table>\n<table>\n<tr>\n<td class=\"card_image\"><a href=\"https:\/\/www.schweizerweltatlas.ch\/fr\/listings\/0323\/\"><aside class=\"card__image\"\n\t\t\t       style=\"background-image: url(https:\/\/www.schweizerweltatlas.ch\/swaweb\/wp-content\/uploads\/032_3_h_fr-450x127.jpg);\">\n<\/td>\n\n<td width=\"10px\">\n<\/td>\n\n<td>\n<a href=\"?fwp_regionen=suisse-taxfr\">Suisse<\/a> I <a href=\"?fwp_regionen=suisse-vue-densemble-taxfr\">Suisse \u2013 Vue d'ensemble<\/a> I 32.3\n<a href=\"https:\/\/www.schweizerweltatlas.ch\/fr\/listings\/0323\/\"><p class=\"kartentitel\"><font color=\"da291c\">Situations m\u00e9t\u00e9orologiques typiques \u2013 Foehn du Sud<\/font><\/p><\/a>\n\n\n\n\n\n\n<a href=\"\/vueenliste\/?fwp_material=materiels-pedagogiques-supplementaires\">Mat\u00e9riels p\u00e9dagogiques suppl\u00e9mentaires<\/a> I\n\n\n<\/td>\n<\/tr>\n<\/table>\n<table>\n<tr>\n<td class=\"card_image\"><a href=\"https:\/\/www.schweizerweltatlas.ch\/fr\/listings\/0324\/\"><aside class=\"card__image\"\n\t\t\t       style=\"background-image: url(https:\/\/www.schweizerweltatlas.ch\/swaweb\/wp-content\/uploads\/032_4_h_fr-450x127.jpg);\">\n<\/td>\n\n<td width=\"10px\">\n<\/td>\n\n<td>\n<a href=\"?fwp_regionen=suisse-taxfr\">Suisse<\/a> I <a href=\"?fwp_regionen=suisse-vue-densemble-taxfr\">Suisse \u2013 Vue d'ensemble<\/a> I 32.4\n<a href=\"https:\/\/www.schweizerweltatlas.ch\/fr\/listings\/0324\/\"><p class=\"kartentitel\"><font color=\"da291c\">Situations m\u00e9t\u00e9orologiques typiques \u2013 Foehn du Nord<\/font><\/p><\/a>\n\n\n\n\n\n\n<a href=\"\/vueenliste\/?fwp_material=materiels-pedagogiques-supplementaires\">Mat\u00e9riels p\u00e9dagogiques suppl\u00e9mentaires<\/a> I\n\n\n<\/td>\n<\/tr>\n<\/table>\n<table>\n<tr>\n<td class=\"card_image\"><a href=\"https:\/\/www.schweizerweltatlas.ch\/fr\/listings\/0325\/\"><aside class=\"card__image\"\n\t\t\t       style=\"background-image: url(https:\/\/www.schweizerweltatlas.ch\/swaweb\/wp-content\/uploads\/032_5_h_fr-450x127.jpg);\">\n<\/td>\n\n<td width=\"10px\">\n<\/td>\n\n<td>\n<a href=\"?fwp_regionen=suisse-taxfr\">Suisse<\/a> I <a href=\"?fwp_regionen=suisse-vue-densemble-taxfr\">Suisse \u2013 Vue d'ensemble<\/a> I 32.5\n<a href=\"https:\/\/www.schweizerweltatlas.ch\/fr\/listings\/0325\/\"><p class=\"kartentitel\"><font color=\"da291c\">Situations m\u00e9t\u00e9orologiques typiques \u2013 Zone de haute pression<\/font><\/p><\/a>\n\n\n\n\n\n\n<a href=\"\/vueenliste\/?fwp_material=materiels-pedagogiques-supplementaires\">Mat\u00e9riels p\u00e9dagogiques suppl\u00e9mentaires<\/a> I\n\n\n<\/td>\n<\/tr>\n<\/table>\n<table>\n<tr>\n<td class=\"card_image\"><a href=\"https:\/\/www.schweizerweltatlas.ch\/fr\/listings\/0326\/\"><aside class=\"card__image\"\n\t\t\t       style=\"background-image: url(https:\/\/www.schweizerweltatlas.ch\/swaweb\/wp-content\/uploads\/032_6_h_fr-450x127.jpg);\">\n<\/td>\n\n<td width=\"10px\">\n<\/td>\n\n<td>\n<a href=\"?fwp_regionen=suisse-taxfr\">Suisse<\/a> I <a href=\"?fwp_regionen=suisse-vue-densemble-taxfr\">Suisse \u2013 Vue d'ensemble<\/a> I 32.6\n<a href=\"https:\/\/www.schweizerweltatlas.ch\/fr\/listings\/0326\/\"><p class=\"kartentitel\"><font color=\"da291c\">Situations m\u00e9t\u00e9orologiques typiques \u2013 Zone de basse pression<\/font><\/p><\/a>\n\n\n\n\n\n\n<a href=\"\/vueenliste\/?fwp_material=materiels-pedagogiques-supplementaires\">Mat\u00e9riels p\u00e9dagogiques suppl\u00e9mentaires<\/a> I\n\n\n<\/td>\n<\/tr>\n<\/table>\n<table>\n<tr>\n<td class=\"card_image\"><a href=\"https:\/\/www.schweizerweltatlas.ch\/fr\/listings\/0331\/\"><aside class=\"card__image\"\n\t\t\t       style=\"background-image: url(https:\/\/www.schweizerweltatlas.ch\/swaweb\/wp-content\/uploads\/033_1_h_fr-450x127.jpg);\">\n<\/td>\n\n<td width=\"10px\">\n<\/td>\n\n<td>\n<a href=\"?fwp_regionen=suisse-taxfr\">Suisse<\/a> I <a href=\"?fwp_regionen=suisse-vue-densemble-taxfr\">Suisse \u2013 Vue d'ensemble<\/a> I 33.1\n<a href=\"https:\/\/www.schweizerweltatlas.ch\/fr\/listings\/0331\/\"><p class=\"kartentitel\"><font color=\"da291c\">D\u00e9but du printemps<\/font><\/p><\/a>\n\n<a href=\"\/vueenliste\/?fwp_material=carte-vierge\">Carte vierge<\/a> I\n\n\n\n\n\n<a href=\"\/vueenliste\/?fwp_material=materiels-pedagogiques-supplementaires\">Mat\u00e9riels p\u00e9dagogiques suppl\u00e9mentaires<\/a> I\n\n\n<\/td>\n<\/tr>\n<\/table>\n<table>\n<tr>\n<td class=\"card_image\"><a href=\"https:\/\/www.schweizerweltatlas.ch\/fr\/listings\/0332\/\"><aside class=\"card__image\"\n\t\t\t       style=\"background-image: url(https:\/\/www.schweizerweltatlas.ch\/swaweb\/wp-content\/uploads\/033_2_h_fr-450x127.jpg);\">\n<\/td>\n\n<td width=\"10px\">\n<\/td>\n\n<td>\n<a href=\"?fwp_regionen=suisse-taxfr\">Suisse<\/a> I <a href=\"?fwp_regionen=suisse-vue-densemble-taxfr\">Suisse \u2013 Vue d'ensemble<\/a> I 33.2\n<a href=\"https:\/\/www.schweizerweltatlas.ch\/fr\/listings\/0332\/\"><p class=\"kartentitel\"><font color=\"da291c\">Structure politique<\/font><\/p><\/a>\n\n<a href=\"\/vueenliste\/?fwp_material=carte-vierge\">Carte vierge<\/a> I\n\n<a href=\"\/vueenliste\/?fwp_material=commentaire\">Commentaire<\/a> I\n\n\n\n\n<a href=\"\/vueenliste\/?fwp_material=materiels-pedagogiques-supplementaires\">Mat\u00e9riels p\u00e9dagogiques suppl\u00e9mentaires<\/a> I\n\n<a href=\"\/vueenliste\/?fwp_material=lien-externe\">Liens externes<\/a>\n\n<\/td>\n<\/tr>\n<\/table>\n<table>\n<tr>\n<td class=\"card_image\"><a href=\"https:\/\/www.schweizerweltatlas.ch\/fr\/listings\/0341\/\"><aside class=\"card__image\"\n\t\t\t       style=\"background-image: url(https:\/\/www.schweizerweltatlas.ch\/swaweb\/wp-content\/uploads\/034_1_h_fr-450x127.jpg);\">\n<\/td>\n\n<td width=\"10px\">\n<\/td>\n\n<td>\n<a href=\"?fwp_regionen=suisse-taxfr\">Suisse<\/a> I <a href=\"?fwp_regionen=suisse-vue-densemble-taxfr\">Suisse \u2013 Vue d'ensemble<\/a> I 34.1\n<a href=\"https:\/\/www.schweizerweltatlas.ch\/fr\/listings\/0341\/\"><p class=\"kartentitel\"><font color=\"da291c\">\u00c9conomie<\/font><\/p><\/a>\n\n<a href=\"\/vueenliste\/?fwp_material=carte-vierge\">Carte vierge<\/a> I\n\n<a href=\"\/vueenliste\/?fwp_material=commentaire\">Commentaire<\/a> I\n\n\n\n\n\n\n<\/td>\n<\/tr>\n<\/table>\n<table>\n<tr>\n<td class=\"card_image\"><a href=\"https:\/\/www.schweizerweltatlas.ch\/fr\/listings\/0361\/\"><aside class=\"card__image\"\n\t\t\t       style=\"background-image: url(https:\/\/www.schweizerweltatlas.ch\/swaweb\/wp-content\/uploads\/036_1_h_fr-450x127.jpg);\">\n<\/td>\n\n<td width=\"10px\">\n<\/td>\n\n<td>\n<a href=\"?fwp_regionen=suisse-taxfr\">Suisse<\/a> I <a href=\"?fwp_regionen=suisse-vue-densemble-taxfr\">Suisse \u2013 Vue d'ensemble<\/a> I 36.1\n<a href=\"https:\/\/www.schweizerweltatlas.ch\/fr\/listings\/0361\/\"><p class=\"kartentitel\"><font color=\"da291c\">Formation tertiaire<\/font><\/p><\/a>\n\n<a href=\"\/vueenliste\/?fwp_material=carte-vierge\">Carte vierge<\/a> I\n\n\n\n\n\n\n\n<\/td>\n<\/tr>\n<\/table>\n<table>\n<tr>\n<td class=\"card_image\"><a href=\"https:\/\/www.schweizerweltatlas.ch\/fr\/listings\/0362\/\"><aside class=\"card__image\"\n\t\t\t       style=\"background-image: url(https:\/\/www.schweizerweltatlas.ch\/swaweb\/wp-content\/uploads\/036_2_h_fr-450x127.jpg);\">\n<\/td>\n\n<td width=\"10px\">\n<\/td>\n\n<td>\n<a href=\"?fwp_regionen=suisse-taxfr\">Suisse<\/a> I <a href=\"?fwp_regionen=suisse-vue-densemble-taxfr\">Suisse \u2013 Vue d'ensemble<\/a> I 36.2\n<a href=\"https:\/\/www.schweizerweltatlas.ch\/fr\/listings\/0362\/\"><p class=\"kartentitel\"><font color=\"da291c\">Agriculture<\/font><\/p><\/a>\n\n<a href=\"\/vueenliste\/?fwp_material=carte-vierge\">Carte vierge<\/a> I\n\n\n\n\n\n\n\n<\/td>\n<\/tr>\n<\/table>\n<table>\n<tr>\n<td class=\"card_image\"><a href=\"https:\/\/www.schweizerweltatlas.ch\/fr\/listings\/0371\/\"><aside class=\"card__image\"\n\t\t\t       style=\"background-image: url(https:\/\/www.schweizerweltatlas.ch\/swaweb\/wp-content\/uploads\/037_1_h_fr-450x127.jpg);\">\n<\/td>\n\n<td width=\"10px\">\n<\/td>\n\n<td>\n<a href=\"?fwp_regionen=suisse-taxfr\">Suisse<\/a> I <a href=\"?fwp_regionen=suisse-vue-densemble-taxfr\">Suisse \u2013 Vue d'ensemble<\/a> I 37.1\n<a href=\"https:\/\/www.schweizerweltatlas.ch\/fr\/listings\/0371\/\"><p class=\"kartentitel\"><font color=\"da291c\">Industrie et artisanat<\/font><\/p><\/a>\n\n<a href=\"\/vueenliste\/?fwp_material=carte-vierge\">Carte vierge<\/a> I\n\n\n\n\n\n\n\n<\/td>\n<\/tr>\n<\/table>\n<table>\n<tr>\n<td class=\"card_image\"><a href=\"https:\/\/www.schweizerweltatlas.ch\/fr\/listings\/0372\/\"><aside class=\"card__image\"\n\t\t\t       style=\"background-image: url(https:\/\/www.schweizerweltatlas.ch\/swaweb\/wp-content\/uploads\/037_2_h_fr-450x127.jpg);\">\n<\/td>\n\n<td width=\"10px\">\n<\/td>\n\n<td>\n<a href=\"?fwp_regionen=suisse-taxfr\">Suisse<\/a> I <a href=\"?fwp_regionen=suisse-vue-densemble-taxfr\">Suisse \u2013 Vue d'ensemble<\/a> I 37.2\n<a href=\"https:\/\/www.schweizerweltatlas.ch\/fr\/listings\/0372\/\"><p class=\"kartentitel\"><font color=\"da291c\">Services<\/font><\/p><\/a>\n\n<a href=\"\/vueenliste\/?fwp_material=carte-vierge\">Carte vierge<\/a> I\n\n\n\n\n\n\n\n<\/td>\n<\/tr>\n<\/table>\n<table>\n<tr>\n<td class=\"card_image\"><a href=\"https:\/\/www.schweizerweltatlas.ch\/fr\/listings\/0381\/\"><aside class=\"card__image\"\n\t\t\t       style=\"background-image: url(https:\/\/www.schweizerweltatlas.ch\/swaweb\/wp-content\/uploads\/038_1_h_fr-450x127.jpg);\">\n<\/td>\n\n<td width=\"10px\">\n<\/td>\n\n<td>\n<a href=\"?fwp_regionen=suisse-taxfr\">Suisse<\/a> I <a href=\"?fwp_regionen=suisse-vue-densemble-taxfr\">Suisse \u2013 Vue d'ensemble<\/a> I 38.1\n<a href=\"https:\/\/www.schweizerweltatlas.ch\/fr\/listings\/0381\/\"><p class=\"kartentitel\"><font color=\"da291c\">Densit\u00e9 de population<\/font><\/p><\/a>\n\n<a href=\"\/vueenliste\/?fwp_material=carte-vierge\">Carte vierge<\/a> I\n\n<a href=\"\/vueenliste\/?fwp_material=commentaire\">Commentaire<\/a> I\n\n<a href=\"\/vueenliste\/?fwp_material=explication-didactique\">Explication didactique<\/a> I\n\n\n\n<a href=\"\/vueenliste\/?fwp_material=materiels-pedagogiques-supplementaires\">Mat\u00e9riels p\u00e9dagogiques suppl\u00e9mentaires<\/a> I\n\n\n<\/td>\n<\/tr>\n<\/table>\n<table>\n<tr>\n<td class=\"card_image\"><a href=\"https:\/\/www.schweizerweltatlas.ch\/fr\/listings\/0382\/\"><aside class=\"card__image\"\n\t\t\t       style=\"background-image: url(https:\/\/www.schweizerweltatlas.ch\/swaweb\/wp-content\/uploads\/038_2_h_fr-450x127.jpg);\">\n<\/td>\n\n<td width=\"10px\">\n<\/td>\n\n<td>\n<a href=\"?fwp_regionen=suisse-taxfr\">Suisse<\/a> I <a href=\"?fwp_regionen=suisse-vue-densemble-taxfr\">Suisse \u2013 Vue d'ensemble<\/a> I 38.2\n<a href=\"https:\/\/www.schweizerweltatlas.ch\/fr\/listings\/0382\/\"><p class=\"kartentitel\"><font color=\"da291c\">Population et travailleurs \u00e9trangers<\/font><\/p><\/a>\n\n<a href=\"\/vueenliste\/?fwp_material=carte-vierge\">Carte vierge<\/a> I\n\n\n\n\n\n\n\n<\/td>\n<\/tr>\n<\/table>\n<table>\n<tr>\n<td class=\"card_image\"><a href=\"https:\/\/www.schweizerweltatlas.ch\/fr\/listings\/0391\/\"><aside class=\"card__image\"\n\t\t\t       style=\"background-image: url(https:\/\/www.schweizerweltatlas.ch\/swaweb\/wp-content\/uploads\/039_1_h_fr-450x127.jpg);\">\n<\/td>\n\n<td width=\"10px\">\n<\/td>\n\n<td>\n<a href=\"?fwp_regionen=suisse-taxfr\">Suisse<\/a> I <a href=\"?fwp_regionen=suisse-vue-densemble-taxfr\">Suisse \u2013 Vue d'ensemble<\/a> I 39.1\n<a href=\"https:\/\/www.schweizerweltatlas.ch\/fr\/listings\/0391\/\"><p class=\"kartentitel\"><font color=\"da291c\">Langues<\/font><\/p><\/a>\n\n<a href=\"\/vueenliste\/?fwp_material=carte-vierge\">Carte vierge<\/a> I\n\n\n\n\n\n\n\n<\/td>\n<\/tr>\n<\/table>\n<table>\n<tr>\n<td class=\"card_image\"><a href=\"https:\/\/www.schweizerweltatlas.ch\/fr\/listings\/0392\/\"><aside class=\"card__image\"\n\t\t\t       style=\"background-image: url(https:\/\/www.schweizerweltatlas.ch\/swaweb\/wp-content\/uploads\/039_2_h_fr-450x127.jpg);\">\n<\/td>\n\n<td width=\"10px\">\n<\/td>\n\n<td>\n<a href=\"?fwp_regionen=suisse-taxfr\">Suisse<\/a> I <a href=\"?fwp_regionen=suisse-vue-densemble-taxfr\">Suisse \u2013 Vue d'ensemble<\/a> I 39.2\n<a href=\"https:\/\/www.schweizerweltatlas.ch\/fr\/listings\/0392\/\"><p class=\"kartentitel\"><font color=\"da291c\">Confessions<\/font><\/p><\/a>\n\n<a href=\"\/vueenliste\/?fwp_material=carte-vierge\">Carte vierge<\/a> I\n\n\n\n\n\n\n\n<\/td>\n<\/tr>\n<\/table>\n<table>\n<tr>\n<td class=\"card_image\"><a href=\"https:\/\/www.schweizerweltatlas.ch\/fr\/listings\/0401\/\"><aside class=\"card__image\"\n\t\t\t       style=\"background-image: url(https:\/\/www.schweizerweltatlas.ch\/swaweb\/wp-content\/uploads\/040_1_h_fr-450x127.jpg);\">\n<\/td>\n\n<td width=\"10px\">\n<\/td>\n\n<td>\n<a href=\"?fwp_regionen=suisse-taxfr\">Suisse<\/a> I <a href=\"?fwp_regionen=suisse-vue-densemble-taxfr\">Suisse \u2013 Vue d'ensemble<\/a> I 40.1\n<a href=\"https:\/\/www.schweizerweltatlas.ch\/fr\/listings\/0401\/\"><p class=\"kartentitel\"><font color=\"da291c\">Transport de personnes<\/font><\/p><\/a>\n\n<a href=\"\/vueenliste\/?fwp_material=carte-vierge\">Carte vierge<\/a> I\n\n\n\n\n\n\n\n<\/td>\n<\/tr>\n<\/table>\n<table>\n<tr>\n<td class=\"card_image\"><a href=\"https:\/\/www.schweizerweltatlas.ch\/fr\/listings\/0402\/\"><aside class=\"card__image\"\n\t\t\t       style=\"background-image: url(https:\/\/www.schweizerweltatlas.ch\/swaweb\/wp-content\/uploads\/040_2_h_fr-450x127.jpg);\">\n<\/td>\n\n<td width=\"10px\">\n<\/td>\n\n<td>\n<a href=\"?fwp_regionen=suisse-taxfr\">Suisse<\/a> I <a href=\"?fwp_regionen=suisse-vue-densemble-taxfr\">Suisse \u2013 Vue d'ensemble<\/a> I 40.2\n<a href=\"https:\/\/www.schweizerweltatlas.ch\/fr\/listings\/0402\/\"><p class=\"kartentitel\"><font color=\"da291c\">Transport de marchandises<\/font><\/p><\/a>\n\n<a href=\"\/vueenliste\/?fwp_material=carte-vierge\">Carte vierge<\/a> I\n\n\n\n\n\n\n\n<\/td>\n<\/tr>\n<\/table>\n<table>\n<tr>\n<td class=\"card_image\"><a href=\"https:\/\/www.schweizerweltatlas.ch\/fr\/listings\/0411\/\"><aside class=\"card__image\"\n\t\t\t       style=\"background-image: url(https:\/\/www.schweizerweltatlas.ch\/swaweb\/wp-content\/uploads\/041_1_h_fr-450x127.jpg);\">\n<\/td>\n\n<td width=\"10px\">\n<\/td>\n\n<td>\n<a href=\"?fwp_regionen=suisse-taxfr\">Suisse<\/a> I <a href=\"?fwp_regionen=suisse-vue-densemble-taxfr\">Suisse \u2013 Vue d'ensemble<\/a> I 41.1\n<a href=\"https:\/\/www.schweizerweltatlas.ch\/fr\/listings\/0411\/\"><p class=\"kartentitel\"><font color=\"da291c\">\u00c9conomie \u00e9nerg\u00e9tique<\/font><\/p><\/a>\n\n<a href=\"\/vueenliste\/?fwp_material=carte-vierge\">Carte vierge<\/a> I\n\n\n\n\n\n\n\n<\/td>\n<\/tr>\n<\/table>\n<table>\n<tr>\n<td class=\"card_image\"><a href=\"https:\/\/www.schweizerweltatlas.ch\/fr\/listings\/0412\/\"><aside class=\"card__image\"\n\t\t\t       style=\"background-image: url(https:\/\/www.schweizerweltatlas.ch\/swaweb\/wp-content\/uploads\/041_2_h_fr-450x127.jpg);\">\n<\/td>\n\n<td width=\"10px\">\n<\/td>\n\n<td>\n<a href=\"?fwp_regionen=suisse-taxfr\">Suisse<\/a> I <a href=\"?fwp_regionen=suisse-regions-taxfr\">Suisse \u2013 R\u00e9gions<\/a> I 41.2\n<a href=\"https:\/\/www.schweizerweltatlas.ch\/fr\/listings\/0412\/\"><p class=\"kartentitel\"><font color=\"da291c\">Haute-Engadine<\/font><\/p><\/a>\n\n\n\n\n\n\n\n<a href=\"\/vueenliste\/?fwp_material=lien-externe\">Liens externes<\/a>\n\n<\/td>\n<\/tr>\n<\/table>\n<table>\n<tr>\n<td class=\"card_image\"><a href=\"https:\/\/www.schweizerweltatlas.ch\/fr\/listings\/0421\/\"><aside class=\"card__image\"\n\t\t\t       style=\"background-image: url(https:\/\/www.schweizerweltatlas.ch\/swaweb\/wp-content\/uploads\/042_1_h_fr-450x127.jpg);\">\n<\/td>\n\n<td width=\"10px\">\n<\/td>\n\n<td>\n<a href=\"?fwp_regionen=suisse-taxfr\">Suisse<\/a> I <a href=\"?fwp_regionen=suisse-regions-taxfr\">Suisse \u2013 R\u00e9gions<\/a> I 42.1\n<a href=\"https:\/\/www.schweizerweltatlas.ch\/fr\/listings\/0421\/\"><p class=\"kartentitel\"><font color=\"da291c\">Suisse centrale<\/font><\/p><\/a>\n\n\n<a href=\"\/vueenliste\/?fwp_material=commentaire\">Commentaire<\/a> I\n\n\n\n\n<a href=\"\/vueenliste\/?fwp_material=materiels-pedagogiques-supplementaires\">Mat\u00e9riels p\u00e9dagogiques suppl\u00e9mentaires<\/a> I\n\n<a href=\"\/vueenliste\/?fwp_material=lien-externe\">Liens externes<\/a>\n\n<\/td>\n<\/tr>\n<\/table>\n<table>\n<tr>\n<td class=\"card_image\"><a href=\"https:\/\/www.schweizerweltatlas.ch\/fr\/listings\/0431\/\"><aside class=\"card__image\"\n\t\t\t       style=\"background-image: url(https:\/\/www.schweizerweltatlas.ch\/swaweb\/wp-content\/uploads\/043_1_h_fr-450x127.jpg);\">\n<\/td>\n\n<td width=\"10px\">\n<\/td>\n\n<td>\n<a href=\"?fwp_regionen=suisse-taxfr\">Suisse<\/a> I <a href=\"?fwp_regionen=suisse-regions-taxfr\">Suisse \u2013 R\u00e9gions<\/a> I 43.1\n<a href=\"https:\/\/www.schweizerweltatlas.ch\/fr\/listings\/0431\/\"><p class=\"kartentitel\"><font color=\"da291c\">Saint-Gothard et Tessin<\/font><\/p><\/a>\n\n\n<a href=\"\/vueenliste\/?fwp_material=commentaire\">Commentaire<\/a> I\n\n\n\n\n<a href=\"\/vueenliste\/?fwp_material=materiels-pedagogiques-supplementaires\">Mat\u00e9riels p\u00e9dagogiques suppl\u00e9mentaires<\/a> I\n\n<a href=\"\/vueenliste\/?fwp_material=lien-externe\">Liens externes<\/a>\n\n<\/td>\n<\/tr>\n<\/table>\n<table>\n<tr>\n<td class=\"card_image\"><a href=\"https:\/\/www.schweizerweltatlas.ch\/fr\/listings\/0432\/\"><aside class=\"card__image\"\n\t\t\t       style=\"background-image: url(https:\/\/www.schweizerweltatlas.ch\/swaweb\/wp-content\/uploads\/043_2_h_fr-450x127.jpg);\">\n<\/td>\n\n<td width=\"10px\">\n<\/td>\n\n<td>\n<a href=\"?fwp_regionen=suisse-taxfr\">Suisse<\/a> I <a href=\"?fwp_regionen=suisse-regions-taxfr\">Suisse \u2013 R\u00e9gions<\/a> I 43.2\n<a href=\"https:\/\/www.schweizerweltatlas.ch\/fr\/listings\/0432\/\"><p class=\"kartentitel\"><font color=\"da291c\">Tunnel de base du Saint-Gothard \u2013 Profil g\u00e9ologique<\/font><\/p><\/a>\n\n\n\n\n\n\n\n\n<\/td>\n<\/tr>\n<\/table>\n<table>\n<tr>\n<td class=\"card_image\"><a href=\"https:\/\/www.schweizerweltatlas.ch\/fr\/listings\/0441\/\"><aside class=\"card__image\"\n\t\t\t       style=\"background-image: url(https:\/\/www.schweizerweltatlas.ch\/swaweb\/wp-content\/uploads\/044_1_h_fr-450x127.jpg);\">\n<\/td>\n\n<td width=\"10px\">\n<\/td>\n\n<td>\n<a href=\"?fwp_regionen=suisse-taxfr\">Suisse<\/a> I <a href=\"?fwp_regionen=suisse-regions-taxfr\">Suisse \u2013 R\u00e9gions<\/a> I 44.1\n<a href=\"https:\/\/www.schweizerweltatlas.ch\/fr\/listings\/0441\/\"><p class=\"kartentitel\"><font color=\"da291c\">B\u00e2le<\/font><\/p><\/a>\n\n\n\n\n\n\n\n<a href=\"\/vueenliste\/?fwp_material=lien-externe\">Liens externes<\/a>\n\n<\/td>\n<\/tr>\n<\/table>\n<table>\n<tr>\n<td class=\"card_image\"><a href=\"https:\/\/www.schweizerweltatlas.ch\/fr\/listings\/0442\/\"><aside class=\"card__image\"\n\t\t\t       style=\"background-image: url(https:\/\/www.schweizerweltatlas.ch\/swaweb\/wp-content\/uploads\/044_2_h_fr-450x127.jpg);\">\n<\/td>\n\n<td width=\"10px\">\n<\/td>\n\n<td>\n<a href=\"?fwp_regionen=suisse-taxfr\">Suisse<\/a> I <a href=\"?fwp_regionen=suisse-regions-taxfr\">Suisse \u2013 R\u00e9gions<\/a> I 44.2\n<a href=\"https:\/\/www.schweizerweltatlas.ch\/fr\/listings\/0442\/\"><p class=\"kartentitel\"><font color=\"da291c\">Berne<\/font><\/p><\/a>\n\n\n\n\n\n\n\n<a href=\"\/vueenliste\/?fwp_material=lien-externe\">Liens externes<\/a>\n\n<\/td>\n<\/tr>\n<\/table>\n<table>\n<tr>\n<td class=\"card_image\"><a href=\"https:\/\/www.schweizerweltatlas.ch\/fr\/listings\/0451\/\"><aside class=\"card__image\"\n\t\t\t       style=\"background-image: url(https:\/\/www.schweizerweltatlas.ch\/swaweb\/wp-content\/uploads\/045_1_h_fr-450x127.jpg);\">\n<\/td>\n\n<td width=\"10px\">\n<\/td>\n\n<td>\n<a href=\"?fwp_regionen=suisse-taxfr\">Suisse<\/a> I <a href=\"?fwp_regionen=suisse-regions-taxfr\">Suisse \u2013 R\u00e9gions<\/a> I 45.1\n<a href=\"https:\/\/www.schweizerweltatlas.ch\/fr\/listings\/0451\/\"><p class=\"kartentitel\"><font color=\"da291c\">Zurich vers 1650<\/font><\/p><\/a>\n\n\n\n\n\n\n<a href=\"\/vueenliste\/?fwp_material=materiels-pedagogiques-supplementaires\">Mat\u00e9riels p\u00e9dagogiques suppl\u00e9mentaires<\/a> I\n\n\n<\/td>\n<\/tr>\n<\/table>\n<\/div>[\/vc_column_text][\/vc_column][\/vc_row][vc_row][vc_column][vc_column_text]<\/p>\n<p>[\/vc_column_text][\/vc_column][\/vc_row]<\/p>\n<\/div>","protected":false},"excerpt":{"rendered":"<p>[vc_row][vc_column][vc_empty_space height=\u00a0\u00bb20px\u00a0\u00bb][vc_tta_accordion style=\u00a0\u00bbmodern\u00a0\u00bb shape=\u00a0\u00bbsquare\u00a0\u00bb color=\u00a0\u00bbwhite\u00a0\u00bb c_icon=\u00a0\u00bbtriangle\u00a0\u00bb active_section=\u00a0\u00bb1&Prime; collapsible_all=\u00a0\u00bbtrue\u00a0\u00bb el_class=\u00a0\u00bbsearch_hidden\u00a0\u00bb][vc_tta_section tab_id=\u00a0\u00bb1517924243534-c11e6f12-1c56&Prime; title=\u00a0\u00bbRecherche\u00a0\u00bb][vc_column_text] R\u00c9INITIALISER [\/vc_column_text][\/vc_tta_section][vc_tta_section title=\u00a0\u00bbRecherche avanc\u00e9e\u00a0\u00bb tab_id=\u00a0\u00bb1517924243563-77243ee9-f0f9&Prime;][vc_icon icon_fontawesome=\u00a0\u00bbfas fa-question-circle\u00a0\u00bb color=\u00a0\u00bbcustom\u00a0\u00bb size=\u00a0\u00bbxs\u00a0\u00bb align=\u00a0\u00bbright\u00a0\u00bb css_animation=\u00a0\u00bbfadeInDown\u00a0\u00bb custom_color=\u00a0\u00bb#da291c\u00a0\u00bb link=\u00a0\u00bburl:https%3A%2F%2Fwww.schweizerweltatlas.ch%2Ffr%2Faide_recherche%2F|title:Aide\u00a0\u00bb][vc_column_text] [\/vc_column_text][\/vc_tta_section][\/vc_tta_accordion][vc_empty_space height=\u00a0\u00bb1px\u00a0\u00bb][vc_column_text][\/vc_column_text][\/vc_column][\/vc_row][vc_row][vc_column][vc_column_text] [\/vc_column_text][\/vc_column][\/vc_row]<\/p>\n","protected":false},"author":7,"featured_media":0,"parent":0,"menu_order":0,"comment_status":"closed","ping_status":"closed","template":"page-templates\/full_width_no_title.php","meta":{"_acf_changed":false,"footnotes":""},"class_list":["post-23460","page","type-page","status-publish","hentry"],"acf":[],"_links":{"self":[{"href":"https:\/\/www.schweizerweltatlas.ch\/fr\/wp-json\/wp\/v2\/pages\/23460","targetHints":{"allow":["GET"]}}],"collection":[{"href":"https:\/\/www.schweizerweltatlas.ch\/fr\/wp-json\/wp\/v2\/pages"}],"about":[{"href":"https:\/\/www.schweizerweltatlas.ch\/fr\/wp-json\/wp\/v2\/types\/page"}],"author":[{"embeddable":true,"href":"https:\/\/www.schweizerweltatlas.ch\/fr\/wp-json\/wp\/v2\/users\/7"}],"replies":[{"embeddable":true,"href":"https:\/\/www.schweizerweltatlas.ch\/fr\/wp-json\/wp\/v2\/comments?post=23460"}],"version-history":[{"count":8,"href":"https:\/\/www.schweizerweltatlas.ch\/fr\/wp-json\/wp\/v2\/pages\/23460\/revisions"}],"predecessor-version":[{"id":23720,"href":"https:\/\/www.schweizerweltatlas.ch\/fr\/wp-json\/wp\/v2\/pages\/23460\/revisions\/23720"}],"wp:attachment":[{"href":"https:\/\/www.schweizerweltatlas.ch\/fr\/wp-json\/wp\/v2\/media?parent=23460"}],"curies":[{"name":"wp","href":"https:\/\/api.w.org\/{rel}","templated":true}]}}